{"id":1303,"date":"2020-07-21T10:54:18","date_gmt":"2020-07-21T13:54:18","guid":{"rendered":"https:\/\/revista-anatomia.com.ar\/?page_id=1303"},"modified":"2021-03-03T13:45:20","modified_gmt":"2021-03-03T16:45:20","slug":"archivo-2020","status":"publish","type":"page","link":"https:\/\/www.revista-anatomia.com.ar\/en\/archivo-2020\/","title":{"rendered":"2020"},"content":{"rendered":"<p>[et_pb_section fb_built=\u00bb1&#8243; fullwidth=\u00bbon\u00bb _builder_version=\u00bb4.3.4&#8243; background_image=\u00bbhttps:\/\/www.revista-anatomia.com.ar\/wp-content\/uploads\/2020\/02\/banner-raa.jpg\u00bb background_position=\u00bbtop_center\u00bb width_tablet=\u00bb\u00bb width_phone=\u00bb\u00bb width_last_edited=\u00bbon|desktop\u00bb min_height=\u00bb150px\u00bb min_height_tablet=\u00bb120px\u00bb min_height_phone=\u00bb100px\u00bb min_height_last_edited=\u00bbon|phone\u00bb max_height=\u00bb100px\u00bb box_shadow_style=\u00bbpreset3&#8243;][et_pb_fullwidth_header title=\u00bbArchivo 2020&#8243; _builder_version=\u00bb4.5.1&#8243; title_font=\u00bbActor|700|on||||||\u00bb title_text_align=\u00bbright\u00bb title_font_size=\u00bb32px\u00bb background_enable_color=\u00bboff\u00bb custom_padding=\u00bb||||false|false\u00bb custom_padding_tablet=\u00bb40px||||false|false\u00bb custom_padding_phone=\u00bb10px||||false|false\u00bb custom_padding_last_edited=\u00bbon|phone\u00bb title_font_size_tablet=\u00bb25px\u00bb title_font_size_phone=\u00bb22px\u00bb title_font_size_last_edited=\u00bbon|desktop\u00bb title_text_shadow_style=\u00bbpreset2&#8243;][\/et_pb_fullwidth_header][\/et_pb_section][et_pb_section fb_built=\u00bb1&#8243; use_custom_gutter=\u00bbon\u00bb gutter_width=\u00bb2&#8243; specialty=\u00bbon\u00bb _builder_version=\u00bb4.3.4&#8243; width=\u00bb100%\u00bb][et_pb_column type=\u00bb3_4&#8243; specialty_columns=\u00bb3&#8243; _builder_version=\u00bb3.25&#8243; custom_padding=\u00bb|||\u00bb custom_padding__hover=\u00bb|||\u00bb][et_pb_row_inner _builder_version=\u00bb4.3.2&#8243; width=\u00bb100%\u00bb max_width=\u00bb1920px\u00bb custom_padding=\u00bb21px||21px|||\u00bb locked=\u00bboff\u00bb collapsed=\u00bboff\u00bb][et_pb_column_inner saved_specialty_column_type=\u00bb3_4&#8243; _builder_version=\u00bb4.3.2&#8243;][et_pb_text _builder_version=\u00bb4.5.1&#8243; text_font=\u00bb|700|||||||\u00bb text_text_color=\u00bb#ffffff\u00bb background_color=\u00bb#6092cd\u00bb use_background_color_gradient=\u00bbon\u00bb background_color_gradient_start=\u00bb#707a8a\u00bb background_color_gradient_end=\u00bb#ffffff\u00bb background_color_gradient_direction=\u00bb90deg\u00bb width=\u00bb30%\u00bb width_tablet=\u00bb100%\u00bb width_phone=\u00bb\u00bb width_last_edited=\u00bbon|phone\u00bb custom_padding=\u00bb3px||3px|20px|true|false\u00bb custom_padding_tablet=\u00bb5px||5px||true|false\u00bb custom_padding_phone=\u00bb\u00bb custom_padding_last_edited=\u00bbon|phone\u00bb text_font_size_tablet=\u00bb\u00bb text_font_size_phone=\u00bb\u00bb text_font_size_last_edited=\u00bbon|tablet\u00bb border_radii=\u00bboff||||20px\u00bb]<\/p>\n<p>Vol. XI &#8211; 2020<\/p>\n<p>[\/et_pb_text][\/et_pb_column_inner][\/et_pb_row_inner][et_pb_row_inner _builder_version=\u00bb4.3.2&#8243; width=\u00bb100%\u00bb max_width=\u00bb1920px\u00bb custom_padding=\u00bb0px||9px|||\u00bb locked=\u00bboff\u00bb][et_pb_column_inner saved_specialty_column_type=\u00bb3_4&#8243; _builder_version=\u00bb4.3.2&#8243;][et_pb_text _builder_version=\u00bb4.3.2&#8243; text_font=\u00bb|300|on||||||\u00bb text_text_color=\u00bb#000000&#8243; text_font_size=\u00bb12px\u00bb text_line_height=\u00bb1.6em\u00bb text_font_size_tablet=\u00bb12px\u00bb text_font_size_phone=\u00bb11px\u00bb]<\/p>\n<p>Clickear sobre las imagenes para descargar la revista completa en PDF<br \/> Clickear sobre los t\u00edtulos para descargar los art\u00edculos individuales en PDF<\/p>\n<p>[\/et_pb_text][\/et_pb_column_inner][\/et_pb_row_inner][et_pb_row_inner column_structure=\u00bb1_2,1_2&#8243; module_id=\u00bb2020_1&#8243; _builder_version=\u00bb4.5.1&#8243; width=\u00bb100%\u00bb width_tablet=\u00bb\u00bb width_phone=\u00bb\u00bb width_last_edited=\u00bbon|desktop\u00bb max_width=\u00bb1920px\u00bb module_alignment=\u00bbleft\u00bb custom_margin=\u00bb|-54px||||\u00bb border_width_bottom=\u00bb3px\u00bb border_color_bottom=\u00bb#cecece\u00bb locked=\u00bboff\u00bb][et_pb_column_inner type=\u00bb1_2&#8243; saved_specialty_column_type=\u00bb3_4&#8243; _builder_version=\u00bb4.3.2&#8243;][et_pb_image src=\u00bbhttps:\/\/revista-anatomia.com.ar\/wp-content\/uploads\/2020\/07\/2020-1.jpg\u00bb alt=\u00bbportada Revista Argentina de Anatomia Online 2020 Vol. XI N\u00ba 1&#8243; title_text=\u00bbRevista Argentina de Anatomia Online 2020 Vol. XI N\u00ba 1&#8243; url=\u00bbhttps:\/\/www.revista-anatomia.com.ar\/archivo\/2020-1-revista-argentina-de-anatomia-online.pdf\u00bb url_new_window=\u00bbon\u00bb align_tablet=\u00bb\u00bb align_phone=\u00bb\u00bb align_last_edited=\u00bbon|desktop\u00bb _builder_version=\u00bb4.9.0&#8243; width=\u00bb80%\u00bb width_tablet=\u00bb80%\u00bb width_phone=\u00bb80%\u00bb width_last_edited=\u00bbon|desktop\u00bb module_alignment=\u00bbcenter\u00bb border_width_all=\u00bb1px\u00bb border_color_all=\u00bb#b2adad\u00bb box_shadow_style=\u00bbpreset2&#8243; box_shadow_blur=\u00bb8px\u00bb][\/et_pb_image][\/et_pb_column_inner][et_pb_column_inner type=\u00bb1_2&#8243; saved_specialty_column_type=\u00bb3_4&#8243; _builder_version=\u00bb4.3.2&#8243;][et_pb_text _builder_version=\u00bb4.3.2&#8243; header_2_font=\u00bb|600|||||||\u00bb header_2_text_color=\u00bb#82181a\u00bb header_2_font_size=\u00bb16px\u00bb header_2_line_height=\u00bb1.2em\u00bb header_5_font=\u00bb|700|||||||\u00bb header_5_text_color=\u00bb#ffffff\u00bb header_5_font_size=\u00bb14px\u00bb header_6_font=\u00bb||on||||||\u00bb header_6_font_size=\u00bb12px\u00bb header_6_line_height=\u00bb1.5em\u00bb background_color=\u00bb#aaaaaa\u00bb background_color_gradient_direction=\u00bb90deg\u00bb text_orientation=\u00bbcenter\u00bb width=\u00bb70px\u00bb width_tablet=\u00bb\u00bb width_phone=\u00bb\u00bb width_last_edited=\u00bbon|phone\u00bb custom_margin=\u00bb||10px||false|false\u00bb custom_padding=\u00bb8px|7px|0px|7px|false|true\u00bb custom_padding_tablet=\u00bb\u00bb custom_padding_phone=\u00bb9px|10px|0px|10px|false|true\u00bb custom_padding_last_edited=\u00bbon|tablet\u00bb link_option_url_new_window=\u00bbon\u00bb header_2_font_size_tablet=\u00bb14px\u00bb header_2_font_size_phone=\u00bb\u00bb header_2_font_size_last_edited=\u00bbon|desktop\u00bb header_5_font_size_tablet=\u00bb\u00bb header_5_font_size_phone=\u00bb12px\u00bb header_5_font_size_last_edited=\u00bbon|phone\u00bb header_6_font_size_tablet=\u00bb\u00bb header_6_font_size_phone=\u00bb\u00bb header_6_font_size_last_edited=\u00bbon|tablet\u00bb border_radii=\u00bboff||15px||15px\u00bb background__hover_enabled=\u00bbon|hover\u00bb background_color__hover=\u00bb#f4f4f4&#8243; background_enable_color__hover=\u00bbon\u00bb]<\/p>\n<h5>N\u00ba 1<\/h5>\n<p>[\/et_pb_text][et_pb_text _builder_version=\u00bb4.5.1&#8243; header_2_font=\u00bb|600|||||||\u00bb header_2_text_color=\u00bb#82181a\u00bb header_2_font_size=\u00bb16px\u00bb header_2_line_height=\u00bb1.2em\u00bb header_6_font=\u00bb||on||||||\u00bb header_6_font_size=\u00bb12px\u00bb header_6_line_height=\u00bb1.5em\u00bb background_color=\u00bb#ffffff\u00bb use_background_color_gradient=\u00bbon\u00bb background_color_gradient_start=\u00bb#f0e3e4&#8243; background_color_gradient_end=\u00bb#ffffff\u00bb background_color_gradient_direction=\u00bb90deg\u00bb custom_margin=\u00bb||9px|||\u00bb custom_padding=\u00bb6px|10px|0px|10px|false|true\u00bb link_option_url=\u00bbhttps:\/\/www.revista-anatomia.com.ar\/archivos-parciales\/2020-1-revista-argentina-de-anatomia-online-a.pdf\u00bb link_option_url_new_window=\u00bbon\u00bb header_2_font_size_tablet=\u00bb14px\u00bb header_2_font_size_phone=\u00bb\u00bb header_2_font_size_last_edited=\u00bbon|desktop\u00bb header_6_font_size_tablet=\u00bb\u00bb header_6_font_size_phone=\u00bb\u00bb header_6_font_size_last_edited=\u00bbon|tablet\u00bb border_radii=\u00bboff||20px||20px\u00bb background__hover_enabled=\u00bbon|hover\u00bb background_color__hover=\u00bb#f4f4f4&#8243; background_enable_color__hover=\u00bbon\u00bb background_color_gradient_start__hover=\u00bb#efc6cb\u00bb]<\/p>\n<h2>Foramen esternal: Hallazgo imagenol\u00f3gico. Reporte de caso.<\/h2>\n<h6>Ferro, Francisco; Gonz\u00e1lez Cubillos, Marcela; De Alencar Bernardo, Th\u00falyo; Palacios, Nadia M.A.; Corona, Paola H.; Macchia, Esteban A.<\/h6>\n<p>[\/et_pb_text][et_pb_text _builder_version=\u00bb4.5.1&#8243; header_2_font=\u00bb|600|||||||\u00bb header_2_text_color=\u00bb#82181a\u00bb header_2_font_size=\u00bb16px\u00bb header_2_line_height=\u00bb1.2em\u00bb header_6_font=\u00bb||on||||||\u00bb header_6_font_size=\u00bb12px\u00bb header_6_line_height=\u00bb1.5em\u00bb background_color=\u00bb#ffffff\u00bb use_background_color_gradient=\u00bbon\u00bb background_color_gradient_start=\u00bb#f0e3e4&#8243; background_color_gradient_end=\u00bb#ffffff\u00bb background_color_gradient_direction=\u00bb90deg\u00bb custom_margin=\u00bb||9px|||\u00bb custom_padding=\u00bb6px|10px|0px|10px|false|true\u00bb link_option_url=\u00bbhttps:\/\/www.revista-anatomia.com.ar\/archivos-parciales\/2020-1-revista-argentina-de-anatomia-online-b.pdf\u00bb link_option_url_new_window=\u00bbon\u00bb header_2_font_size_tablet=\u00bb14px\u00bb header_2_font_size_phone=\u00bb\u00bb header_2_font_size_last_edited=\u00bbon|desktop\u00bb header_6_font_size_tablet=\u00bb\u00bb header_6_font_size_phone=\u00bb\u00bb header_6_font_size_last_edited=\u00bbon|tablet\u00bb border_radii=\u00bboff||||20px\u00bb background_color__hover=\u00bb#f4f4f4&#8243; background_enable_color__hover=\u00bbon\u00bb background_color_gradient_start__hover=\u00bb#efc6cb\u00bb background__hover_enabled=\u00bbon|hover\u00bb]<\/p>\n<h2>Anomal\u00edas de migraci\u00f3n, forma y fusi\u00f3n renal<\/h2>\n<h6>Guti\u00e9rrez, Carlos Guillermo; Lafalla, Pablo Alberto; Asid, Roberto; Barbato, Leonardo; Farruggia, Federico; Echenique, Julio\u00a0<\/h6>\n<p>[\/et_pb_text][et_pb_text _builder_version=\u00bb4.5.1&#8243; header_2_font=\u00bb|600|||||||\u00bb header_2_text_color=\u00bb#82181a\u00bb header_2_font_size=\u00bb16px\u00bb header_2_line_height=\u00bb1.2em\u00bb header_6_font=\u00bb||on||||||\u00bb header_6_font_size=\u00bb12px\u00bb header_6_line_height=\u00bb1.5em\u00bb background_color=\u00bb#ffffff\u00bb use_background_color_gradient=\u00bbon\u00bb background_color_gradient_start=\u00bb#f0e3e4&#8243; background_color_gradient_end=\u00bb#ffffff\u00bb background_color_gradient_direction=\u00bb90deg\u00bb custom_margin=\u00bb||9px|||\u00bb custom_padding=\u00bb6px|10px|0px|10px|false|true\u00bb link_option_url=\u00bbhttps:\/\/www.revista-anatomia.com.ar\/archivos-parciales\/2020-1-revista-argentina-de-anatomia-online-c.pdf\u00bb link_option_url_new_window=\u00bbon\u00bb header_2_font_size_tablet=\u00bb14px\u00bb header_2_font_size_phone=\u00bb\u00bb header_2_font_size_last_edited=\u00bbon|desktop\u00bb header_6_font_size_tablet=\u00bb\u00bb header_6_font_size_phone=\u00bb\u00bb header_6_font_size_last_edited=\u00bbon|tablet\u00bb border_radii=\u00bboff||||20px\u00bb background_color__hover=\u00bb#f4f4f4&#8243; background_enable_color__hover=\u00bbon\u00bb background_color_gradient_start__hover=\u00bb#efc6cb\u00bb background__hover_enabled=\u00bbon|hover\u00bb]<\/p>\n<h2>Juan Jos\u00e9 Na\u00f3n. Aspectos biogr\u00e1ficos<\/h2>\n<h6>Robert, Valentina S.; Morini, Cristian A.; Di Vietro, Mar\u00eda Teresa; Saad, Eduardo N.<\/h6>\n<p>[\/et_pb_text][et_pb_text _builder_version=\u00bb4.5.1&#8243; header_2_font=\u00bb|600|||||||\u00bb header_2_text_color=\u00bb#82181a\u00bb header_2_font_size=\u00bb16px\u00bb header_2_line_height=\u00bb1.2em\u00bb header_6_font=\u00bb||on||||||\u00bb header_6_font_size=\u00bb12px\u00bb header_6_line_height=\u00bb1.5em\u00bb background_color=\u00bb#ffffff\u00bb use_background_color_gradient=\u00bbon\u00bb background_color_gradient_start=\u00bb#f0e3e4&#8243; background_color_gradient_end=\u00bb#ffffff\u00bb background_color_gradient_direction=\u00bb90deg\u00bb custom_margin=\u00bb||9px|||\u00bb custom_padding=\u00bb6px|10px|0px|10px|false|true\u00bb link_option_url=\u00bbhttps:\/\/www.revista-anatomia.com.ar\/archivos-parciales\/2020-1-revista-argentina-de-anatomia-online-d.pdf\u00bb link_option_url_new_window=\u00bbon\u00bb header_2_font_size_tablet=\u00bb14px\u00bb header_2_font_size_phone=\u00bb\u00bb header_2_font_size_last_edited=\u00bbon|desktop\u00bb header_6_font_size_tablet=\u00bb\u00bb header_6_font_size_phone=\u00bb\u00bb header_6_font_size_last_edited=\u00bbon|tablet\u00bb border_radii=\u00bboff||||20px\u00bb background_color__hover=\u00bb#f4f4f4&#8243; background_enable_color__hover=\u00bbon\u00bb background_color_gradient_start__hover=\u00bb#efc6cb\u00bb background__hover_enabled=\u00bbon|hover\u00bb]<\/p>\n<h2>Agenesia de arteria car\u00f3tida interna izquierda intracraneana: Reporte de un caso diagnosticado por angioIRM<\/h2>\n<h6>Mart\u00ednez, Fernando<\/h6>\n<p>[\/et_pb_text][\/et_pb_column_inner][\/et_pb_row_inner][et_pb_row_inner column_structure=\u00bb1_2,1_2&#8243; module_id=\u00bb2020_2&#8243; _builder_version=\u00bb4.5.7&#8243; width=\u00bb100%\u00bb width_tablet=\u00bb\u00bb width_phone=\u00bb\u00bb width_last_edited=\u00bbon|desktop\u00bb max_width=\u00bb1920px\u00bb module_alignment=\u00bbleft\u00bb custom_margin=\u00bb|-54px||||\u00bb border_width_bottom=\u00bb3px\u00bb border_color_bottom=\u00bb#cecece\u00bb locked=\u00bboff\u00bb][et_pb_column_inner type=\u00bb1_2&#8243; saved_specialty_column_type=\u00bb3_4&#8243; _builder_version=\u00bb4.3.2&#8243;][et_pb_image src=\u00bbhttps:\/\/revista-anatomia.com.ar\/wp-content\/uploads\/2020\/08\/2020-2.jpg\u00bb alt=\u00bbportada Revista Argentina de Anatomia Online 2020 Vol. XI N\u00ba 2&#8243; title_text=\u00bbRevista Argentina de Anatomia Online 2020 Vol. XI N\u00ba 2&#8243; url=\u00bbhttps:\/\/www.revista-anatomia.com.ar\/archivo\/2020-2-revista-argentina-de-anatomia-online.pdf\u00bb url_new_window=\u00bbon\u00bb align_tablet=\u00bb\u00bb align_phone=\u00bb\u00bb align_last_edited=\u00bbon|desktop\u00bb _builder_version=\u00bb4.5.7&#8243; width=\u00bb80%\u00bb width_tablet=\u00bb80%\u00bb width_phone=\u00bb80%\u00bb width_last_edited=\u00bbon|desktop\u00bb module_alignment=\u00bbcenter\u00bb border_width_all=\u00bb1px\u00bb border_color_all=\u00bb#b2adad\u00bb box_shadow_style=\u00bbpreset2&#8243; box_shadow_blur=\u00bb8px\u00bb][\/et_pb_image][\/et_pb_column_inner][et_pb_column_inner type=\u00bb1_2&#8243; saved_specialty_column_type=\u00bb3_4&#8243; _builder_version=\u00bb4.3.2&#8243;][et_pb_text _builder_version=\u00bb4.5.7&#8243; header_2_font=\u00bb|600|||||||\u00bb header_2_text_color=\u00bb#82181a\u00bb header_2_font_size=\u00bb16px\u00bb header_2_line_height=\u00bb1.2em\u00bb header_5_font=\u00bb|700|||||||\u00bb header_5_text_color=\u00bb#ffffff\u00bb header_5_font_size=\u00bb14px\u00bb header_6_font=\u00bb||on||||||\u00bb header_6_font_size=\u00bb12px\u00bb header_6_line_height=\u00bb1.5em\u00bb background_color=\u00bb#aaaaaa\u00bb background_color_gradient_direction=\u00bb90deg\u00bb text_orientation=\u00bbcenter\u00bb width=\u00bb70px\u00bb width_tablet=\u00bb\u00bb width_phone=\u00bb\u00bb width_last_edited=\u00bbon|phone\u00bb custom_margin=\u00bb||10px||false|false\u00bb custom_padding=\u00bb8px|7px|0px|7px|false|true\u00bb custom_padding_tablet=\u00bb\u00bb custom_padding_phone=\u00bb9px|10px|0px|10px|false|true\u00bb custom_padding_last_edited=\u00bbon|tablet\u00bb link_option_url_new_window=\u00bbon\u00bb header_2_font_size_tablet=\u00bb14px\u00bb header_2_font_size_phone=\u00bb\u00bb header_2_font_size_last_edited=\u00bbon|desktop\u00bb header_5_font_size_tablet=\u00bb\u00bb header_5_font_size_phone=\u00bb12px\u00bb header_5_font_size_last_edited=\u00bbon|phone\u00bb header_6_font_size_tablet=\u00bb\u00bb header_6_font_size_phone=\u00bb\u00bb header_6_font_size_last_edited=\u00bbon|tablet\u00bb border_radii=\u00bboff||15px||15px\u00bb background__hover_enabled=\u00bbon|hover\u00bb background_color__hover=\u00bb#f4f4f4&#8243; background_enable_color__hover=\u00bbon\u00bb]<\/p>\n<h5>N\u00ba 2<\/h5>\n<p>[\/et_pb_text][et_pb_text _builder_version=\u00bb4.5.7&#8243; header_2_font=\u00bb|600|||||||\u00bb header_2_text_color=\u00bb#82181a\u00bb header_2_font_size=\u00bb16px\u00bb header_2_line_height=\u00bb1.2em\u00bb header_6_font=\u00bb||on||||||\u00bb header_6_font_size=\u00bb12px\u00bb header_6_line_height=\u00bb1.5em\u00bb background_color=\u00bb#ffffff\u00bb use_background_color_gradient=\u00bbon\u00bb background_color_gradient_start=\u00bb#f0e3e4&#8243; background_color_gradient_end=\u00bb#ffffff\u00bb background_color_gradient_direction=\u00bb90deg\u00bb custom_margin=\u00bb||9px|||\u00bb custom_padding=\u00bb6px|10px|0px|10px|false|true\u00bb link_option_url=\u00bbhttps:\/\/www.revista-anatomia.com.ar\/archivos-parciales\/2020-2-revista-argentina-de-anatomia-online-a.pdf\u00bb link_option_url_new_window=\u00bbon\u00bb header_2_font_size_tablet=\u00bb14px\u00bb header_2_font_size_phone=\u00bb\u00bb header_2_font_size_last_edited=\u00bbon|desktop\u00bb header_6_font_size_tablet=\u00bb\u00bb header_6_font_size_phone=\u00bb\u00bb header_6_font_size_last_edited=\u00bbon|tablet\u00bb border_radii=\u00bboff||20px||20px\u00bb background__hover_enabled=\u00bbon|hover\u00bb background_color__hover=\u00bb#f4f4f4&#8243; background_enable_color__hover=\u00bbon\u00bb background_color_gradient_start__hover=\u00bb#efc6cb\u00bb]<\/p>\n<h2>Tinci\u00f3n de Mulligan en Neuroanatom\u00eda: Protocolizaci\u00f3n de la t\u00e9cnica<\/h2>\n<h6>Forlizzi, Valeria; Miranda-Sol\u00eds, Franklin; P\u00e9rez Cruz, Julio C\u00e9sar; Ccahuantico-Choquevilca, Luis \u00c1ngel; Mor\u00e1n, Gabriel; Baldoncini, Mat\u00edas<\/h6>\n<p>[\/et_pb_text][et_pb_text _builder_version=\u00bb4.5.7&#8243; header_2_font=\u00bb|600|||||||\u00bb header_2_text_color=\u00bb#82181a\u00bb header_2_font_size=\u00bb16px\u00bb header_2_line_height=\u00bb1.2em\u00bb header_6_font=\u00bb||on||||||\u00bb header_6_font_size=\u00bb12px\u00bb header_6_line_height=\u00bb1.5em\u00bb background_color=\u00bb#ffffff\u00bb use_background_color_gradient=\u00bbon\u00bb background_color_gradient_start=\u00bb#f0e3e4&#8243; background_color_gradient_end=\u00bb#ffffff\u00bb background_color_gradient_direction=\u00bb90deg\u00bb custom_margin=\u00bb||9px|||\u00bb custom_padding=\u00bb6px|10px|0px|10px|false|true\u00bb link_option_url=\u00bbhttps:\/\/www.revista-anatomia.com.ar\/archivos-parciales\/2020-2-revista-argentina-de-anatomia-online-b.pdf\u00bb link_option_url_new_window=\u00bbon\u00bb header_2_font_size_tablet=\u00bb14px\u00bb header_2_font_size_phone=\u00bb\u00bb header_2_font_size_last_edited=\u00bbon|desktop\u00bb header_6_font_size_tablet=\u00bb\u00bb header_6_font_size_phone=\u00bb\u00bb header_6_font_size_last_edited=\u00bbon|tablet\u00bb border_radii=\u00bboff||||20px\u00bb background_color__hover=\u00bb#f4f4f4&#8243; background_enable_color__hover=\u00bbon\u00bb background_color_gradient_start__hover=\u00bb#efc6cb\u00bb background__hover_enabled=\u00bbon|hover\u00bb]<\/p>\n<h2>Ponticulus Posticus: Estudio de prevalencia a trav\u00e9s de radiograf\u00eda de perfil de la columna cervical<\/h2>\n<h6>Ferro, Francisco; Vespa, Florencia D.; De Zavalia, M\u00e1ximo; Allan, Ricardo; Macchia, Esteban A.<\/h6>\n<p>[\/et_pb_text][et_pb_text _builder_version=\u00bb4.5.7&#8243; header_2_font=\u00bb|600|||||||\u00bb header_2_text_color=\u00bb#82181a\u00bb header_2_font_size=\u00bb16px\u00bb header_2_line_height=\u00bb1.2em\u00bb header_6_font=\u00bb||on||||||\u00bb header_6_font_size=\u00bb12px\u00bb header_6_line_height=\u00bb1.5em\u00bb background_color=\u00bb#ffffff\u00bb use_background_color_gradient=\u00bbon\u00bb background_color_gradient_start=\u00bb#f0e3e4&#8243; background_color_gradient_end=\u00bb#ffffff\u00bb background_color_gradient_direction=\u00bb90deg\u00bb custom_margin=\u00bb||9px|||\u00bb custom_padding=\u00bb6px|10px|0px|10px|false|true\u00bb link_option_url=\u00bbhttps:\/\/www.revista-anatomia.com.ar\/archivos-parciales\/2020-2-revista-argentina-de-anatomia-online-c.pdf\u00bb link_option_url_new_window=\u00bbon\u00bb header_2_font_size_tablet=\u00bb14px\u00bb header_2_font_size_phone=\u00bb\u00bb header_2_font_size_last_edited=\u00bbon|desktop\u00bb header_6_font_size_tablet=\u00bb\u00bb header_6_font_size_phone=\u00bb\u00bb header_6_font_size_last_edited=\u00bbon|tablet\u00bb border_radii=\u00bboff||||20px\u00bb background_color__hover=\u00bb#f4f4f4&#8243; background_enable_color__hover=\u00bbon\u00bb background_color_gradient_start__hover=\u00bb#efc6cb\u00bb background__hover_enabled=\u00bbon|hover\u00bb]<\/p>\n<h2>Estudio anat\u00f3mico del tabique rectovaginal<\/h2>\n<h6>Mitidieri, Vicente; Mitidieri, Alejandro; Cifone, Tom\u00e1s; Paione Oleszuk, Juli\u00e1n; Queirolo Burgos, Brenda<\/h6>\n<p>[\/et_pb_text][et_pb_text _builder_version=\u00bb4.5.7&#8243; header_2_font=\u00bb|600|||||||\u00bb header_2_text_color=\u00bb#82181a\u00bb header_2_font_size=\u00bb16px\u00bb header_2_line_height=\u00bb1.2em\u00bb header_6_font=\u00bb||on||||||\u00bb header_6_font_size=\u00bb12px\u00bb header_6_line_height=\u00bb1.5em\u00bb background_color=\u00bb#ffffff\u00bb use_background_color_gradient=\u00bbon\u00bb background_color_gradient_start=\u00bb#f0e3e4&#8243; background_color_gradient_end=\u00bb#ffffff\u00bb background_color_gradient_direction=\u00bb90deg\u00bb custom_margin=\u00bb||9px|||\u00bb custom_padding=\u00bb6px|10px|0px|10px|false|true\u00bb link_option_url=\u00bbhttps:\/\/www.revista-anatomia.com.ar\/archivos-parciales\/2020-2-revista-argentina-de-anatomia-online-d.pdf\u00bb link_option_url_new_window=\u00bbon\u00bb header_2_font_size_tablet=\u00bb14px\u00bb header_2_font_size_phone=\u00bb\u00bb header_2_font_size_last_edited=\u00bbon|desktop\u00bb header_6_font_size_tablet=\u00bb\u00bb header_6_font_size_phone=\u00bb\u00bb header_6_font_size_last_edited=\u00bbon|tablet\u00bb border_radii=\u00bboff||||20px\u00bb background_color__hover=\u00bb#f4f4f4&#8243; background_enable_color__hover=\u00bbon\u00bb background_color_gradient_start__hover=\u00bb#efc6cb\u00bb background__hover_enabled=\u00bbon|hover\u00bb]<\/p>\n<h2>Pectus carinatum. Alteraci\u00f3n anat\u00f3mica estructural en la forma del cart\u00edlago costal con deformidad del estern\u00f3n como malformaci\u00f3n de la pared anterior del t\u00f3rax<\/h2>\n<h6>Araujo-Cuauro, Juan Carlos<\/h6>\n<p>[\/et_pb_text][\/et_pb_column_inner][\/et_pb_row_inner][et_pb_row_inner column_structure=\u00bb1_2,1_2&#8243; module_id=\u00bb2020_3&#8243; _builder_version=\u00bb4.7.4&#8243; width=\u00bb100%\u00bb width_tablet=\u00bb\u00bb width_phone=\u00bb\u00bb width_last_edited=\u00bbon|desktop\u00bb max_width=\u00bb1920px\u00bb module_alignment=\u00bbleft\u00bb custom_margin=\u00bb|-54px||||\u00bb border_width_bottom=\u00bb3px\u00bb border_color_bottom=\u00bb#cecece\u00bb locked=\u00bboff\u00bb][et_pb_column_inner type=\u00bb1_2&#8243; saved_specialty_column_type=\u00bb3_4&#8243; _builder_version=\u00bb4.3.2&#8243;][et_pb_image src=\u00bbhttps:\/\/revista-anatomia.com.ar\/wp-content\/uploads\/2020\/11\/2020-3.jpg\u00bb alt=\u00bbportada Revista Argentina de Anatomia Online 2020 Vol. XI N\u00ba 2&#8243; title_text=\u00bbRevista Argentina de Anatom\u00eda Online\u00bb url=\u00bbhttps:\/\/www.revista-anatomia.com.ar\/archivo\/2020-3-revista-argentina-de-anatomia-online.pdf\u00bb url_new_window=\u00bbon\u00bb align_tablet=\u00bb\u00bb align_phone=\u00bb\u00bb align_last_edited=\u00bbon|desktop\u00bb _builder_version=\u00bb4.7.4&#8243; width=\u00bb80%\u00bb width_tablet=\u00bb80%\u00bb width_phone=\u00bb80%\u00bb width_last_edited=\u00bbon|desktop\u00bb module_alignment=\u00bbcenter\u00bb border_width_all=\u00bb1px\u00bb border_color_all=\u00bb#b2adad\u00bb box_shadow_style=\u00bbpreset2&#8243; box_shadow_blur=\u00bb8px\u00bb][\/et_pb_image][\/et_pb_column_inner][et_pb_column_inner type=\u00bb1_2&#8243; saved_specialty_column_type=\u00bb3_4&#8243; _builder_version=\u00bb4.3.2&#8243;][et_pb_text _builder_version=\u00bb4.7.4&#8243; header_2_font=\u00bb|600|||||||\u00bb header_2_text_color=\u00bb#82181a\u00bb header_2_font_size=\u00bb16px\u00bb header_2_line_height=\u00bb1.2em\u00bb header_5_font=\u00bb|700|||||||\u00bb header_5_text_color=\u00bb#ffffff\u00bb header_5_font_size=\u00bb14px\u00bb header_6_font=\u00bb||on||||||\u00bb header_6_font_size=\u00bb12px\u00bb header_6_line_height=\u00bb1.5em\u00bb background_color=\u00bb#aaaaaa\u00bb background_color_gradient_direction=\u00bb90deg\u00bb text_orientation=\u00bbcenter\u00bb width=\u00bb70px\u00bb width_tablet=\u00bb\u00bb width_phone=\u00bb\u00bb width_last_edited=\u00bbon|phone\u00bb custom_margin=\u00bb||10px||false|false\u00bb custom_padding=\u00bb8px|7px|0px|7px|false|true\u00bb custom_padding_tablet=\u00bb\u00bb custom_padding_phone=\u00bb9px|10px|0px|10px|false|true\u00bb custom_padding_last_edited=\u00bbon|tablet\u00bb link_option_url_new_window=\u00bbon\u00bb header_2_font_size_tablet=\u00bb14px\u00bb header_2_font_size_phone=\u00bb\u00bb header_2_font_size_last_edited=\u00bbon|desktop\u00bb header_5_font_size_tablet=\u00bb\u00bb header_5_font_size_phone=\u00bb12px\u00bb header_5_font_size_last_edited=\u00bbon|phone\u00bb header_6_font_size_tablet=\u00bb\u00bb header_6_font_size_phone=\u00bb\u00bb header_6_font_size_last_edited=\u00bbon|tablet\u00bb border_radii=\u00bboff||15px||15px\u00bb background__hover_enabled=\u00bbon|hover\u00bb background_color__hover=\u00bb#f4f4f4&#8243; background_enable_color__hover=\u00bbon\u00bb]<\/p>\n<h5>N\u00ba 3<\/h5>\n<p>[\/et_pb_text][et_pb_text _builder_version=\u00bb4.7.4&#8243; header_2_font=\u00bb|600|||||||\u00bb header_2_text_color=\u00bb#82181a\u00bb header_2_font_size=\u00bb16px\u00bb header_2_line_height=\u00bb1.2em\u00bb header_6_font=\u00bb||on||||||\u00bb header_6_font_size=\u00bb12px\u00bb header_6_line_height=\u00bb1.5em\u00bb background_color=\u00bb#ffffff\u00bb use_background_color_gradient=\u00bbon\u00bb background_color_gradient_start=\u00bb#f0e3e4&#8243; background_color_gradient_end=\u00bb#ffffff\u00bb background_color_gradient_direction=\u00bb90deg\u00bb custom_margin=\u00bb||9px|||\u00bb custom_padding=\u00bb6px|10px|0px|10px|false|true\u00bb link_option_url=\u00bbhttps:\/\/www.revista-anatomia.com.ar\/archivos-parciales\/2020-3-revista-argentina-de-anatomia-online-a.pdf\u00bb link_option_url_new_window=\u00bbon\u00bb header_2_font_size_tablet=\u00bb14px\u00bb header_2_font_size_phone=\u00bb\u00bb header_2_font_size_last_edited=\u00bbon|desktop\u00bb header_6_font_size_tablet=\u00bb\u00bb header_6_font_size_phone=\u00bb\u00bb header_6_font_size_last_edited=\u00bbon|tablet\u00bb border_radii=\u00bboff||20px||20px\u00bb background__hover_enabled=\u00bbon|hover\u00bb background_color__hover=\u00bb#f4f4f4&#8243; background_enable_color__hover=\u00bbon\u00bb background_color_gradient_start__hover=\u00bb#efc6cb\u00bb]<\/p>\n<h2>El uso de la terminolog\u00eda anat\u00f3mica moderna en el lenguaje anat\u00f3mico forense en la transcripci\u00f3n de los dict\u00e1menes periciales<\/h2>\n<h6>Araujo-Cuauro, Juan Carlos<\/h6>\n<p>[\/et_pb_text][et_pb_text _builder_version=\u00bb4.7.4&#8243; header_2_font=\u00bb|600|||||||\u00bb header_2_text_color=\u00bb#82181a\u00bb header_2_font_size=\u00bb16px\u00bb header_2_line_height=\u00bb1.2em\u00bb header_6_font=\u00bb||on||||||\u00bb header_6_font_size=\u00bb12px\u00bb header_6_line_height=\u00bb1.5em\u00bb background_color=\u00bb#ffffff\u00bb use_background_color_gradient=\u00bbon\u00bb background_color_gradient_start=\u00bb#f0e3e4&#8243; background_color_gradient_end=\u00bb#ffffff\u00bb background_color_gradient_direction=\u00bb90deg\u00bb custom_margin=\u00bb||9px|||\u00bb custom_padding=\u00bb6px|10px|0px|10px|false|true\u00bb link_option_url=\u00bbhttps:\/\/www.revista-anatomia.com.ar\/archivos-parciales\/2020-3-revista-argentina-de-anatomia-online-b.pdf\u00bb link_option_url_new_window=\u00bbon\u00bb header_2_font_size_tablet=\u00bb14px\u00bb header_2_font_size_phone=\u00bb\u00bb header_2_font_size_last_edited=\u00bbon|desktop\u00bb header_6_font_size_tablet=\u00bb\u00bb header_6_font_size_phone=\u00bb\u00bb header_6_font_size_last_edited=\u00bbon|tablet\u00bb border_radii=\u00bboff||||20px\u00bb background_color__hover=\u00bb#f4f4f4&#8243; background_enable_color__hover=\u00bbon\u00bb background_color_gradient_start__hover=\u00bb#efc6cb\u00bb background__hover_enabled=\u00bbon|hover\u00bb]<\/p>\n<h2>Estudio anat\u00f3mico de la vena safena magna en la regi\u00f2n de la rodilla y su aplicaci\u00f3n a la cosecha safena durante la cirug\u00eda de bypass<\/h2>\n<h6>Ignatov Gal\u00e1n, Mar\u00eda Florencia; Cabrera Frola, Juan Agust\u00edn; Garc\u00eda R\u00edos, Mar\u00eda Victoria; Hermosilla Acevedo, Santiago Carlos; Russo Couste, Alejandro Marcel<\/h6>\n<p>[\/et_pb_text][et_pb_text _builder_version=\u00bb4.7.4&#8243; header_2_font=\u00bb|600|||||||\u00bb header_2_text_color=\u00bb#82181a\u00bb header_2_font_size=\u00bb16px\u00bb header_2_line_height=\u00bb1.2em\u00bb header_6_font=\u00bb||on||||||\u00bb header_6_font_size=\u00bb12px\u00bb header_6_line_height=\u00bb1.5em\u00bb background_color=\u00bb#ffffff\u00bb use_background_color_gradient=\u00bbon\u00bb background_color_gradient_start=\u00bb#f0e3e4&#8243; background_color_gradient_end=\u00bb#ffffff\u00bb background_color_gradient_direction=\u00bb90deg\u00bb custom_margin=\u00bb||9px|||\u00bb custom_padding=\u00bb6px|10px|0px|10px|false|true\u00bb link_option_url=\u00bbhttps:\/\/www.revista-anatomia.com.ar\/archivos-parciales\/2020-3-revista-argentina-de-anatomia-online-c.pdf\u00bb link_option_url_new_window=\u00bbon\u00bb header_2_font_size_tablet=\u00bb14px\u00bb header_2_font_size_phone=\u00bb\u00bb header_2_font_size_last_edited=\u00bbon|desktop\u00bb header_6_font_size_tablet=\u00bb\u00bb header_6_font_size_phone=\u00bb\u00bb header_6_font_size_last_edited=\u00bbon|tablet\u00bb border_radii=\u00bboff||||20px\u00bb background_color__hover=\u00bb#f4f4f4&#8243; background_enable_color__hover=\u00bbon\u00bb background_color_gradient_start__hover=\u00bb#efc6cb\u00bb background__hover_enabled=\u00bbon|hover\u00bb]<\/p>\n<h2>Frecuencia de Ponticulus Posticus, diferencias etarias y de g\u00e9nero en pacientes de la localidad de Moreno, Provincia de Buenos Aires<\/h2>\n<h6>Bohn, Katherine; Bordoli, Patricio; Pisani, Diego<\/h6>\n<p>[\/et_pb_text][et_pb_text _builder_version=\u00bb4.7.4&#8243; header_2_font=\u00bb|600|||||||\u00bb header_2_text_color=\u00bb#82181a\u00bb header_2_font_size=\u00bb16px\u00bb header_2_line_height=\u00bb1.2em\u00bb header_6_font=\u00bb||on||||||\u00bb header_6_font_size=\u00bb12px\u00bb header_6_line_height=\u00bb1.5em\u00bb background_color=\u00bb#ffffff\u00bb use_background_color_gradient=\u00bbon\u00bb background_color_gradient_start=\u00bb#f0e3e4&#8243; background_color_gradient_end=\u00bb#ffffff\u00bb background_color_gradient_direction=\u00bb90deg\u00bb custom_margin=\u00bb||9px|||\u00bb custom_padding=\u00bb6px|10px|0px|10px|false|true\u00bb link_option_url=\u00bbhttps:\/\/www.revista-anatomia.com.ar\/archivos-parciales\/2020-3-revista-argentina-de-anatomia-online-d.pdf\u00bb link_option_url_new_window=\u00bbon\u00bb header_2_font_size_tablet=\u00bb14px\u00bb header_2_font_size_phone=\u00bb\u00bb header_2_font_size_last_edited=\u00bbon|desktop\u00bb header_6_font_size_tablet=\u00bb\u00bb header_6_font_size_phone=\u00bb\u00bb header_6_font_size_last_edited=\u00bbon|tablet\u00bb border_radii=\u00bboff||||20px\u00bb background_color__hover=\u00bb#f4f4f4&#8243; background_enable_color__hover=\u00bbon\u00bb background_color_gradient_start__hover=\u00bb#efc6cb\u00bb background__hover_enabled=\u00bbon|hover\u00bb]<\/p>\n<h2>Anatom\u00eda descriptiva del m\u00fasculo tiroaritenoideo en el bovino (Bos Taurus)<\/h2>\n<h6>Garc\u00eda, Rodolfo; Tarallo, Ariel; Sanmiguel, Gustavo<\/h6>\n<p>[\/et_pb_text][et_pb_text _builder_version=\u00bb4.7.4&#8243; header_2_font=\u00bb|600|||||||\u00bb header_2_text_color=\u00bb#82181a\u00bb header_2_font_size=\u00bb16px\u00bb header_2_line_height=\u00bb1.2em\u00bb header_6_font=\u00bb||on||||||\u00bb header_6_font_size=\u00bb12px\u00bb header_6_line_height=\u00bb1.5em\u00bb background_color=\u00bb#ffffff\u00bb use_background_color_gradient=\u00bbon\u00bb background_color_gradient_start=\u00bb#f0e3e4&#8243; background_color_gradient_end=\u00bb#ffffff\u00bb background_color_gradient_direction=\u00bb90deg\u00bb custom_margin=\u00bb||9px|||\u00bb custom_padding=\u00bb6px|10px|0px|10px|false|true\u00bb link_option_url=\u00bbhttps:\/\/www.revista-anatomia.com.ar\/archivos-parciales\/2020-3-revista-argentina-de-anatomia-online-e.pdf\u00bb link_option_url_new_window=\u00bbon\u00bb header_2_font_size_tablet=\u00bb14px\u00bb header_2_font_size_phone=\u00bb\u00bb header_2_font_size_last_edited=\u00bbon|desktop\u00bb header_6_font_size_tablet=\u00bb\u00bb header_6_font_size_phone=\u00bb\u00bb header_6_font_size_last_edited=\u00bbon|tablet\u00bb border_radii=\u00bboff||||20px\u00bb background_color__hover=\u00bb#f4f4f4&#8243; background_enable_color__hover=\u00bbon\u00bb background_color_gradient_start__hover=\u00bb#efc6cb\u00bb background__hover_enabled=\u00bbon|hover\u00bb]<\/p>\n<h2>T\u00e9cnica de tinci\u00f3n para preparaciones anat\u00f3micas de enc\u00e9falos humanos<\/h2>\n<h6>Salde\u00f1a, Mat\u00edas; Banti, Nicol\u00e1s Ezequiel; Maffia Bizzozero, Santiago<\/h6>\n<p>[\/et_pb_text][et_pb_text _builder_version=\u00bb4.7.4&#8243; header_2_font=\u00bb|600|||||||\u00bb header_2_text_color=\u00bb#82181a\u00bb header_2_font_size=\u00bb16px\u00bb header_2_line_height=\u00bb1.2em\u00bb header_6_font=\u00bb||on||||||\u00bb header_6_font_size=\u00bb12px\u00bb header_6_line_height=\u00bb1.5em\u00bb background_color=\u00bb#ffffff\u00bb use_background_color_gradient=\u00bbon\u00bb background_color_gradient_start=\u00bb#f0e3e4&#8243; background_color_gradient_end=\u00bb#ffffff\u00bb background_color_gradient_direction=\u00bb90deg\u00bb custom_margin=\u00bb||9px|||\u00bb custom_padding=\u00bb6px|10px|0px|10px|false|true\u00bb link_option_url=\u00bbhttps:\/\/www.revista-anatomia.com.ar\/archivos-parciales\/2020-3-revista-argentina-de-anatomia-online-f.pdf\u00bb link_option_url_new_window=\u00bbon\u00bb header_2_font_size_tablet=\u00bb14px\u00bb header_2_font_size_phone=\u00bb\u00bb header_2_font_size_last_edited=\u00bbon|desktop\u00bb header_6_font_size_tablet=\u00bb\u00bb header_6_font_size_phone=\u00bb\u00bb header_6_font_size_last_edited=\u00bbon|tablet\u00bb border_radii=\u00bboff||||20px\u00bb background_color__hover=\u00bb#f4f4f4&#8243; background_enable_color__hover=\u00bbon\u00bb background_color_gradient_start__hover=\u00bb#efc6cb\u00bb background__hover_enabled=\u00bbon|hover\u00bb]<\/p>\n<h2>Res\u00famenes de las Jornadas Nacionales de Anatom\u00eda 2020<\/h2>\n<h6>Autores varios<\/h6>\n<p>[\/et_pb_text][\/et_pb_column_inner][\/et_pb_row_inner][\/et_pb_column][et_pb_column type=\u00bb1_4&#8243; _builder_version=\u00bb3.25&#8243; custom_padding=\u00bb|||\u00bb custom_padding__hover=\u00bb|||\u00bb][et_pb_sidebar orientation=\u00bbright\u00bb show_border=\u00bboff\u00bb _builder_version=\u00bb4.3.4&#8243; header_font=\u00bb|600|||||||\u00bb header_text_align=\u00bbcenter\u00bb header_text_color=\u00bb#013fa3&#8243; header_line_height=\u00bb1.6em\u00bb body_font=\u00bb|600|||||||\u00bb body_text_align=\u00bbcenter\u00bb body_text_color=\u00bb#6c6d6b\u00bb body_font_size=\u00bb23px\u00bb body_line_height=\u00bb1.5em\u00bb background_enable_color=\u00bboff\u00bb text_orientation=\u00bbcenter\u00bb width=\u00bb100%\u00bb width_tablet=\u00bb100%\u00bb width_phone=\u00bb\u00bb width_last_edited=\u00bbon|phone\u00bb max_width=\u00bb100%\u00bb module_alignment=\u00bbcenter\u00bb custom_margin=\u00bb|||6px||\u00bb header_font_size_tablet=\u00bb\u00bb header_font_size_phone=\u00bb16px\u00bb header_font_size_last_edited=\u00bbon|desktop\u00bb body_font_size_tablet=\u00bb\u00bb body_font_size_phone=\u00bb\u00bb body_font_size_last_edited=\u00bbon|phone\u00bb border_width_top=\u00bb0px\u00bb border_color_top=\u00bb#82181a\u00bb border_radii_tablet=\u00bb\u00bb border_radii_phone=\u00bb\u00bb border_radii_last_edited=\u00bbon|tablet\u00bb global_module=\u00bb648&#8243; saved_tabs=\u00bball\u00bb][\/et_pb_sidebar][\/et_pb_column][\/et_pb_section]<\/p>\n","protected":false},"excerpt":{"rendered":"<p>Vol. XI &#8211; 2020Clickear sobre las imagenes para descargar la revista completa en PDF Clickear sobre los t\u00edtulos para descargar los art\u00edculos individuales en PDFN\u00ba 1Foramen esternal: Hallazgo imagenol\u00f3gico. Reporte de caso. Ferro, Francisco; Gonz\u00e1lez Cubillos, Marcela; De Alencar Bernardo, Th\u00falyo; Palacios, Nadia M.A.; Corona, Paola H.; Macchia, Esteban A.Anomal\u00edas de migraci\u00f3n, forma y fusi\u00f3n [&hellip;]<\/p>\n","protected":false},"author":2,"featured_media":1306,"parent":0,"menu_order":0,"comment_status":"closed","ping_status":"closed","template":"","meta":{"_et_pb_use_builder":"on","_et_pb_old_content":"","_et_gb_content_width":"","footnotes":""},"class_list":["post-1303","page","type-page","status-publish","has-post-thumbnail","hentry"],"a3_pvc":{"activated":false,"total_views":48,"today_views":1},"_links":{"self":[{"href":"https:\/\/www.revista-anatomia.com.ar\/en\/wp-json\/wp\/v2\/pages\/1303","targetHints":{"allow":["GET"]}}],"collection":[{"href":"https:\/\/www.revista-anatomia.com.ar\/en\/wp-json\/wp\/v2\/pages"}],"about":[{"href":"https:\/\/www.revista-anatomia.com.ar\/en\/wp-json\/wp\/v2\/types\/page"}],"author":[{"embeddable":true,"href":"https:\/\/www.revista-anatomia.com.ar\/en\/wp-json\/wp\/v2\/users\/2"}],"replies":[{"embeddable":true,"href":"https:\/\/www.revista-anatomia.com.ar\/en\/wp-json\/wp\/v2\/comments?post=1303"}],"version-history":[{"count":0,"href":"https:\/\/www.revista-anatomia.com.ar\/en\/wp-json\/wp\/v2\/pages\/1303\/revisions"}],"wp:featuredmedia":[{"embeddable":true,"href":"https:\/\/www.revista-anatomia.com.ar\/en\/wp-json\/wp\/v2\/media\/1306"}],"wp:attachment":[{"href":"https:\/\/www.revista-anatomia.com.ar\/en\/wp-json\/wp\/v2\/media?parent=1303"}],"curies":[{"name":"wp","href":"https:\/\/api.w.org\/{rel}","templated":true}]}}