{"id":1406,"date":"2021-03-03T12:25:16","date_gmt":"2021-03-03T15:25:16","guid":{"rendered":"https:\/\/revista-anatomia.com.ar\/?page_id=1406"},"modified":"2022-04-11T16:06:13","modified_gmt":"2022-04-11T19:06:13","slug":"archivo-2021","status":"publish","type":"page","link":"https:\/\/www.revista-anatomia.com.ar\/en\/archivo-2021\/","title":{"rendered":"2021"},"content":{"rendered":"\n[et_pb_section fb_built=\u00bb1&#8243; fullwidth=\u00bbon\u00bb _builder_version=\u00bb4.3.4&#8243; background_image=\u00bbhttps:\/\/www.revista-anatomia.com.ar\/wp-content\/uploads\/2020\/02\/banner-raa.jpg\u00bb background_position=\u00bbtop_center\u00bb width_tablet=\u00bb\u00bb width_phone=\u00bb\u00bb width_last_edited=\u00bbon|desktop\u00bb min_height=\u00bb150px\u00bb min_height_tablet=\u00bb120px\u00bb min_height_phone=\u00bb100px\u00bb min_height_last_edited=\u00bbon|phone\u00bb max_height=\u00bb100px\u00bb box_shadow_style=\u00bbpreset3&#8243; global_colors_info=\u00bb{}\u00bb][et_pb_fullwidth_header title=\u00bbArchivo 2021&#8243; _builder_version=\u00bb4.9.0&#8243; title_font=\u00bbActor|700|on||||||\u00bb title_text_align=\u00bbright\u00bb title_font_size=\u00bb32px\u00bb background_enable_color=\u00bboff\u00bb custom_padding=\u00bb||||false|false\u00bb custom_padding_tablet=\u00bb40px||||false|false\u00bb custom_padding_phone=\u00bb10px||||false|false\u00bb custom_padding_last_edited=\u00bbon|phone\u00bb title_font_size_tablet=\u00bb25px\u00bb title_font_size_phone=\u00bb22px\u00bb title_font_size_last_edited=\u00bbon|desktop\u00bb title_text_shadow_style=\u00bbpreset2&#8243; global_colors_info=\u00bb{}\u00bb][\/et_pb_fullwidth_header][\/et_pb_section][et_pb_section fb_built=\u00bb1&#8243; use_custom_gutter=\u00bbon\u00bb gutter_width=\u00bb2&#8243; specialty=\u00bbon\u00bb _builder_version=\u00bb4.3.4&#8243; width=\u00bb100%\u00bb global_colors_info=\u00bb{}\u00bb][et_pb_column type=\u00bb3_4&#8243; specialty_columns=\u00bb3&#8243; _builder_version=\u00bb3.25&#8243; custom_padding=\u00bb|||\u00bb global_colors_info=\u00bb{}\u00bb custom_padding__hover=\u00bb|||\u00bb][et_pb_row_inner _builder_version=\u00bb4.3.2&#8243; width=\u00bb100%\u00bb max_width=\u00bb1920px\u00bb custom_padding=\u00bb21px||21px|||\u00bb locked=\u00bboff\u00bb collapsed=\u00bboff\u00bb global_colors_info=\u00bb{}\u00bb][et_pb_column_inner saved_specialty_column_type=\u00bb3_4&#8243; _builder_version=\u00bb4.3.2&#8243; global_colors_info=\u00bb{}\u00bb][et_pb_text _builder_version=\u00bb4.9.0&#8243; text_font=\u00bb|700|||||||\u00bb text_text_color=\u00bb#ffffff\u00bb background_color=\u00bb#6092cd\u00bb use_background_color_gradient=\u00bbon\u00bb background_color_gradient_start=\u00bb#525198&#8243; background_color_gradient_end=\u00bb#ffffff\u00bb background_color_gradient_direction=\u00bb90deg\u00bb width=\u00bb30%\u00bb width_tablet=\u00bb100%\u00bb width_phone=\u00bb\u00bb width_last_edited=\u00bbon|phone\u00bb custom_padding=\u00bb3px||3px|20px|true|false\u00bb custom_padding_tablet=\u00bb5px||5px||true|false\u00bb custom_padding_phone=\u00bb\u00bb custom_padding_last_edited=\u00bbon|phone\u00bb text_font_size_tablet=\u00bb\u00bb text_font_size_phone=\u00bb\u00bb text_font_size_last_edited=\u00bbon|tablet\u00bb border_radii=\u00bboff||||20px\u00bb global_colors_info=\u00bb{}\u00bb]<p>Vol. XII &#8211; 2021<\/p>[\/et_pb_text][\/et_pb_column_inner][\/et_pb_row_inner][et_pb_row_inner _builder_version=\u00bb4.3.2&#8243; width=\u00bb100%\u00bb max_width=\u00bb1920px\u00bb custom_padding=\u00bb0px||9px|||\u00bb locked=\u00bboff\u00bb global_colors_info=\u00bb{}\u00bb][et_pb_column_inner saved_specialty_column_type=\u00bb3_4&#8243; _builder_version=\u00bb4.3.2&#8243; global_colors_info=\u00bb{}\u00bb][et_pb_text _builder_version=\u00bb4.3.2&#8243; text_font=\u00bb|300|on||||||\u00bb text_text_color=\u00bb#000000&#8243; text_font_size=\u00bb12px\u00bb text_line_height=\u00bb1.6em\u00bb text_font_size_tablet=\u00bb12px\u00bb text_font_size_phone=\u00bb11px\u00bb global_colors_info=\u00bb{}\u00bb]<p>Clickear sobre las imagenes para descargar la revista completa en PDF<br \/> Clickear sobre los t\u00edtulos para descargar los art\u00edculos individuales en PDF<\/p>[\/et_pb_text][\/et_pb_column_inner][\/et_pb_row_inner][et_pb_row_inner column_structure=\u00bb1_2,1_2&#8243; module_id=\u00bb2021_1&#8243; _builder_version=\u00bb4.9.0&#8243; width=\u00bb100%\u00bb width_tablet=\u00bb\u00bb width_phone=\u00bb\u00bb width_last_edited=\u00bbon|desktop\u00bb max_width=\u00bb1920px\u00bb module_alignment=\u00bbleft\u00bb custom_margin=\u00bb|-54px||||\u00bb border_width_bottom=\u00bb3px\u00bb border_color_bottom=\u00bb#cecece\u00bb locked=\u00bboff\u00bb global_colors_info=\u00bb{}\u00bb][et_pb_column_inner type=\u00bb1_2&#8243; saved_specialty_column_type=\u00bb3_4&#8243; _builder_version=\u00bb4.3.2&#8243; global_colors_info=\u00bb{}\u00bb][et_pb_image src=\u00bbhttps:\/\/revista-anatomia.com.ar\/wp-content\/uploads\/2021\/03\/2021-1.jpg\u00bb alt=\u00bbportada Revista Argentina de Anatomia Online 2020 Vol. XII N\u00ba 1&#8243; title_text=\u00bbRevista Argentina de Anatomia Online 2020 Vol. XII N\u00ba 1&#8243; url=\u00bbhttps:\/\/www.revista-anatomia.com.ar\/archivo\/2021-1-revista-argentina-de-anatomia-online.pdf\u00bb url_new_window=\u00bbon\u00bb align_tablet=\u00bb\u00bb align_phone=\u00bb\u00bb align_last_edited=\u00bbon|desktop\u00bb _builder_version=\u00bb4.9.0&#8243; width=\u00bb80%\u00bb width_tablet=\u00bb80%\u00bb width_phone=\u00bb80%\u00bb width_last_edited=\u00bbon|desktop\u00bb module_alignment=\u00bbcenter\u00bb border_width_all=\u00bb1px\u00bb border_color_all=\u00bb#b2adad\u00bb box_shadow_style=\u00bbpreset2&#8243; box_shadow_blur=\u00bb8px\u00bb global_colors_info=\u00bb{}\u00bb][\/et_pb_image][\/et_pb_column_inner][et_pb_column_inner type=\u00bb1_2&#8243; saved_specialty_column_type=\u00bb3_4&#8243; _builder_version=\u00bb4.3.2&#8243; global_colors_info=\u00bb{}\u00bb][et_pb_text _builder_version=\u00bb4.3.2&#8243; header_2_font=\u00bb|600|||||||\u00bb header_2_text_color=\u00bb#82181a\u00bb header_2_font_size=\u00bb16px\u00bb header_2_line_height=\u00bb1.2em\u00bb header_5_font=\u00bb|700|||||||\u00bb header_5_text_color=\u00bb#ffffff\u00bb header_5_font_size=\u00bb14px\u00bb header_6_font=\u00bb||on||||||\u00bb header_6_font_size=\u00bb12px\u00bb header_6_line_height=\u00bb1.5em\u00bb background_color=\u00bb#aaaaaa\u00bb background_color_gradient_direction=\u00bb90deg\u00bb text_orientation=\u00bbcenter\u00bb width=\u00bb70px\u00bb width_tablet=\u00bb\u00bb width_phone=\u00bb\u00bb width_last_edited=\u00bbon|phone\u00bb custom_margin=\u00bb||10px||false|false\u00bb custom_padding=\u00bb8px|7px|0px|7px|false|true\u00bb custom_padding_tablet=\u00bb\u00bb custom_padding_phone=\u00bb9px|10px|0px|10px|false|true\u00bb custom_padding_last_edited=\u00bbon|tablet\u00bb link_option_url_new_window=\u00bbon\u00bb header_2_font_size_tablet=\u00bb14px\u00bb header_2_font_size_phone=\u00bb\u00bb header_2_font_size_last_edited=\u00bbon|desktop\u00bb header_5_font_size_tablet=\u00bb\u00bb header_5_font_size_phone=\u00bb12px\u00bb header_5_font_size_last_edited=\u00bbon|phone\u00bb header_6_font_size_tablet=\u00bb\u00bb header_6_font_size_phone=\u00bb\u00bb header_6_font_size_last_edited=\u00bbon|tablet\u00bb border_radii=\u00bboff||15px||15px\u00bb global_colors_info=\u00bb{}\u00bb background__hover_enabled=\u00bbon|hover\u00bb background_color__hover=\u00bb#f4f4f4&#8243; background_enable_color__hover=\u00bbon\u00bb]<h5>N\u00ba 1<\/h5>[\/et_pb_text][et_pb_text _builder_version=\u00bb4.9.0&#8243; header_2_font=\u00bb|600|||||||\u00bb header_2_text_color=\u00bb#82181a\u00bb header_2_font_size=\u00bb16px\u00bb header_2_line_height=\u00bb1.2em\u00bb header_6_font=\u00bb||on||||||\u00bb header_6_font_size=\u00bb12px\u00bb header_6_line_height=\u00bb1.5em\u00bb background_color=\u00bb#ffffff\u00bb use_background_color_gradient=\u00bbon\u00bb background_color_gradient_start=\u00bb#f0e3e4&#8243; background_color_gradient_end=\u00bb#ffffff\u00bb background_color_gradient_direction=\u00bb90deg\u00bb custom_margin=\u00bb||9px|||\u00bb custom_padding=\u00bb6px|10px|0px|10px|false|true\u00bb link_option_url=\u00bbhttps:\/\/www.revista-anatomia.com.ar\/archivos-parciales\/2021-1-revista-argentina-de-anatomia-online-a.pdf\u00bb link_option_url_new_window=\u00bbon\u00bb header_2_font_size_tablet=\u00bb14px\u00bb header_2_font_size_phone=\u00bb\u00bb header_2_font_size_last_edited=\u00bbon|desktop\u00bb header_6_font_size_tablet=\u00bb\u00bb header_6_font_size_phone=\u00bb\u00bb header_6_font_size_last_edited=\u00bbon|tablet\u00bb border_radii=\u00bboff||20px||20px\u00bb global_colors_info=\u00bb{}\u00bb background__hover_enabled=\u00bbon|hover\u00bb background_color__hover=\u00bb#f4f4f4&#8243; background_enable_color__hover=\u00bbon\u00bb background_color_gradient_start__hover=\u00bb#efc6cb\u00bb]<h2>Variante anat\u00f3mica del tronco superior del plexo braquial. Reporte de un caso.<\/h2>\n<h6>Mart\u00ednez-Benia, Fernando; Rodr\u00edguez-Aceves, Carlos Alberto; Robla-Costales, Javier; Socolovsky, Mariano<\/h6>[\/et_pb_text][et_pb_text _builder_version=\u00bb4.9.0&#8243; header_2_font=\u00bb|600|||||||\u00bb header_2_text_color=\u00bb#82181a\u00bb header_2_font_size=\u00bb16px\u00bb header_2_line_height=\u00bb1.2em\u00bb header_6_font=\u00bb||on||||||\u00bb header_6_font_size=\u00bb12px\u00bb header_6_line_height=\u00bb1.5em\u00bb background_color=\u00bb#ffffff\u00bb use_background_color_gradient=\u00bbon\u00bb background_color_gradient_start=\u00bb#f0e3e4&#8243; background_color_gradient_end=\u00bb#ffffff\u00bb background_color_gradient_direction=\u00bb90deg\u00bb custom_margin=\u00bb||9px|||\u00bb custom_padding=\u00bb6px|10px|0px|10px|false|true\u00bb link_option_url=\u00bbhttps:\/\/www.revista-anatomia.com.ar\/archivos-parciales\/2021-1-revista-argentina-de-anatomia-online-b.pdf\u00bb link_option_url_new_window=\u00bbon\u00bb header_2_font_size_tablet=\u00bb14px\u00bb header_2_font_size_phone=\u00bb\u00bb header_2_font_size_last_edited=\u00bbon|desktop\u00bb header_6_font_size_tablet=\u00bb\u00bb header_6_font_size_phone=\u00bb\u00bb header_6_font_size_last_edited=\u00bbon|tablet\u00bb border_radii=\u00bboff||||20px\u00bb global_colors_info=\u00bb{}\u00bb background_color__hover=\u00bb#f4f4f4&#8243; background_enable_color__hover=\u00bbon\u00bb background_color_gradient_start__hover=\u00bb#efc6cb\u00bb background__hover_enabled=\u00bbon|hover\u00bb]<h2>Variabilidad anat\u00f3mica y patr\u00f3n de osificaci\u00f3n de la ap\u00f3fisis estiloides del sistema \u00f3steo-ligamentoso estilohioideo: Estudio en ortopantomograf\u00edas digitales.<\/h2>\n<h6>Ceriani Navarro, Fernando Dar\u00edo; Mart\u00ednez-Almagro Andreo, Andr\u00e9s<\/h6>[\/et_pb_text][et_pb_text _builder_version=\u00bb4.9.0&#8243; header_2_font=\u00bb|600|||||||\u00bb header_2_text_color=\u00bb#82181a\u00bb header_2_font_size=\u00bb16px\u00bb header_2_line_height=\u00bb1.2em\u00bb header_6_font=\u00bb||on||||||\u00bb header_6_font_size=\u00bb12px\u00bb header_6_line_height=\u00bb1.5em\u00bb background_color=\u00bb#ffffff\u00bb use_background_color_gradient=\u00bbon\u00bb background_color_gradient_start=\u00bb#f0e3e4&#8243; background_color_gradient_end=\u00bb#ffffff\u00bb background_color_gradient_direction=\u00bb90deg\u00bb custom_margin=\u00bb||9px|||\u00bb custom_padding=\u00bb6px|10px|0px|10px|false|true\u00bb link_option_url=\u00bbhttps:\/\/www.revista-anatomia.com.ar\/archivos-parciales\/2021-1-revista-argentina-de-anatomia-online-c.pdf\u00bb link_option_url_new_window=\u00bbon\u00bb header_2_font_size_tablet=\u00bb14px\u00bb header_2_font_size_phone=\u00bb\u00bb header_2_font_size_last_edited=\u00bbon|desktop\u00bb header_6_font_size_tablet=\u00bb\u00bb header_6_font_size_phone=\u00bb\u00bb header_6_font_size_last_edited=\u00bbon|tablet\u00bb border_radii=\u00bboff||||20px\u00bb global_colors_info=\u00bb{}\u00bb background_color__hover=\u00bb#f4f4f4&#8243; background_enable_color__hover=\u00bbon\u00bb background_color_gradient_start__hover=\u00bb#efc6cb\u00bb background__hover_enabled=\u00bbon|hover\u00bb]<h2>Anatom\u00eda de nariz y senos paranasales: Endosc\u00f3pica y por im\u00e1genes<\/h2>\n<h6>Lobbosco, Edgar Sebastian; Cavalieri, Luciano Luis; Golian, Ignacio; Galichini, Ruth<\/h6>[\/et_pb_text][et_pb_text _builder_version=\u00bb4.9.0&#8243; header_2_font=\u00bb|600|||||||\u00bb header_2_text_color=\u00bb#82181a\u00bb header_2_font_size=\u00bb16px\u00bb header_2_line_height=\u00bb1.2em\u00bb header_6_font=\u00bb||on||||||\u00bb header_6_font_size=\u00bb12px\u00bb header_6_line_height=\u00bb1.5em\u00bb background_color=\u00bb#ffffff\u00bb use_background_color_gradient=\u00bbon\u00bb background_color_gradient_start=\u00bb#f0e3e4&#8243; background_color_gradient_end=\u00bb#ffffff\u00bb background_color_gradient_direction=\u00bb90deg\u00bb custom_margin=\u00bb||9px|||\u00bb custom_padding=\u00bb6px|10px|0px|10px|false|true\u00bb link_option_url=\u00bbhttps:\/\/www.revista-anatomia.com.ar\/archivos-parciales\/2021-1-revista-argentina-de-anatomia-online-d.pdf\u00bb link_option_url_new_window=\u00bbon\u00bb header_2_font_size_tablet=\u00bb14px\u00bb header_2_font_size_phone=\u00bb\u00bb header_2_font_size_last_edited=\u00bbon|desktop\u00bb header_6_font_size_tablet=\u00bb\u00bb header_6_font_size_phone=\u00bb\u00bb header_6_font_size_last_edited=\u00bbon|tablet\u00bb border_radii=\u00bboff||||20px\u00bb global_colors_info=\u00bb{}\u00bb background_color__hover=\u00bb#f4f4f4&#8243; background_enable_color__hover=\u00bbon\u00bb background_color_gradient_start__hover=\u00bb#efc6cb\u00bb background__hover_enabled=\u00bbon|hover\u00bb]<h2>Los cad\u00e1veres digitales de la realidad virtual vs los cad\u00e1veres reales en el aprendizaje de la anatom\u00eda. \u00bfDeber\u00eda ser un reemplazo o la tecnolog\u00eda no logra sustituir al cad\u00e1ver?<\/h2>\n<h6>Araujo-Cuauro, Juan Carlos<\/h6>[\/et_pb_text][et_pb_text _builder_version=\u00bb4.9.0&#8243; header_2_font=\u00bb|600|||||||\u00bb header_2_text_color=\u00bb#82181a\u00bb header_2_font_size=\u00bb16px\u00bb header_2_line_height=\u00bb1.2em\u00bb header_6_font=\u00bb||on||||||\u00bb header_6_font_size=\u00bb12px\u00bb header_6_line_height=\u00bb1.5em\u00bb background_color=\u00bb#ffffff\u00bb use_background_color_gradient=\u00bbon\u00bb background_color_gradient_start=\u00bb#f0e3e4&#8243; background_color_gradient_end=\u00bb#ffffff\u00bb background_color_gradient_direction=\u00bb90deg\u00bb custom_margin=\u00bb||9px|||\u00bb custom_padding=\u00bb6px|10px|0px|10px|false|true\u00bb link_option_url=\u00bbhttps:\/\/www.revista-anatomia.com.ar\/archivos-parciales\/2021-1-revista-argentina-de-anatomia-online-e.pdf\u00bb link_option_url_new_window=\u00bbon\u00bb header_2_font_size_tablet=\u00bb14px\u00bb header_2_font_size_phone=\u00bb\u00bb header_2_font_size_last_edited=\u00bbon|desktop\u00bb header_6_font_size_tablet=\u00bb\u00bb header_6_font_size_phone=\u00bb\u00bb header_6_font_size_last_edited=\u00bbon|tablet\u00bb border_radii=\u00bboff||||20px\u00bb global_colors_info=\u00bb{}\u00bb background_color__hover=\u00bb#f4f4f4&#8243; background_enable_color__hover=\u00bbon\u00bb background_color_gradient_start__hover=\u00bb#efc6cb\u00bb background__hover_enabled=\u00bbon|hover\u00bb]<h2>Regi\u00f3n del \u00e1ngulo bulbopontocerebeloso<\/h2>\n<h6>Folgueira, Agust\u00edn; Dorman, Mat\u00edas; Ferraro, Fernando M.; Rubino, Pablo; Acu\u00f1a, Marcelo<\/h6>[\/et_pb_text][\/et_pb_column_inner][\/et_pb_row_inner][et_pb_row_inner column_structure=\u00bb1_2,1_2&#8243; module_id=\u00bb2021_2&#8243; _builder_version=\u00bb4.9.7&#8243; width=\u00bb100%\u00bb width_tablet=\u00bb\u00bb width_phone=\u00bb\u00bb width_last_edited=\u00bbon|desktop\u00bb max_width=\u00bb1920px\u00bb module_alignment=\u00bbleft\u00bb custom_margin=\u00bb|-54px||||\u00bb border_width_bottom=\u00bb3px\u00bb border_color_bottom=\u00bb#cecece\u00bb locked=\u00bboff\u00bb global_colors_info=\u00bb{}\u00bb][et_pb_column_inner type=\u00bb1_2&#8243; saved_specialty_column_type=\u00bb3_4&#8243; _builder_version=\u00bb4.3.2&#8243; global_colors_info=\u00bb{}\u00bb][et_pb_image src=\u00bbhttps:\/\/www.revista-anatomia.com.ar\/wp-content\/uploads\/2021\/06\/2021-2.jpg\u00bb alt=\u00bbportada Revista Argentina de Anatomia Online 2021 Vol. XII N\u00ba 2&#8243; title_text=\u00bbRevista Argentina de Anatomia Online 2021 Vol. XII N\u00ba 2&#8243; url=\u00bbhttps:\/\/www.revista-anatomia.com.ar\/archivo\/2021-2-revista-argentina-de-anatomia-online.pdf\u00bb url_new_window=\u00bbon\u00bb align_tablet=\u00bb\u00bb align_phone=\u00bb\u00bb align_last_edited=\u00bbon|desktop\u00bb _builder_version=\u00bb4.9.7&#8243; width=\u00bb80%\u00bb width_tablet=\u00bb80%\u00bb width_phone=\u00bb80%\u00bb width_last_edited=\u00bbon|desktop\u00bb module_alignment=\u00bbcenter\u00bb border_width_all=\u00bb1px\u00bb border_color_all=\u00bb#b2adad\u00bb box_shadow_style=\u00bbpreset2&#8243; box_shadow_blur=\u00bb8px\u00bb global_colors_info=\u00bb{}\u00bb][\/et_pb_image][\/et_pb_column_inner][et_pb_column_inner type=\u00bb1_2&#8243; saved_specialty_column_type=\u00bb3_4&#8243; _builder_version=\u00bb4.3.2&#8243; global_colors_info=\u00bb{}\u00bb][et_pb_text _builder_version=\u00bb4.9.7&#8243; header_2_font=\u00bb|600|||||||\u00bb header_2_text_color=\u00bb#82181a\u00bb header_2_font_size=\u00bb16px\u00bb header_2_line_height=\u00bb1.2em\u00bb header_5_font=\u00bb|700|||||||\u00bb header_5_text_color=\u00bb#ffffff\u00bb header_5_font_size=\u00bb14px\u00bb header_6_font=\u00bb||on||||||\u00bb header_6_font_size=\u00bb12px\u00bb header_6_line_height=\u00bb1.5em\u00bb background_color=\u00bb#aaaaaa\u00bb background_color_gradient_direction=\u00bb90deg\u00bb text_orientation=\u00bbcenter\u00bb width=\u00bb70px\u00bb width_tablet=\u00bb\u00bb width_phone=\u00bb\u00bb width_last_edited=\u00bbon|phone\u00bb custom_margin=\u00bb||10px||false|false\u00bb custom_padding=\u00bb8px|7px|0px|7px|false|true\u00bb custom_padding_tablet=\u00bb\u00bb custom_padding_phone=\u00bb9px|10px|0px|10px|false|true\u00bb custom_padding_last_edited=\u00bbon|tablet\u00bb link_option_url_new_window=\u00bbon\u00bb header_2_font_size_tablet=\u00bb14px\u00bb header_2_font_size_phone=\u00bb\u00bb header_2_font_size_last_edited=\u00bbon|desktop\u00bb header_5_font_size_tablet=\u00bb\u00bb header_5_font_size_phone=\u00bb12px\u00bb header_5_font_size_last_edited=\u00bbon|phone\u00bb header_6_font_size_tablet=\u00bb\u00bb header_6_font_size_phone=\u00bb\u00bb header_6_font_size_last_edited=\u00bbon|tablet\u00bb border_radii=\u00bboff||15px||15px\u00bb global_colors_info=\u00bb{}\u00bb background__hover_enabled=\u00bbon|hover\u00bb background_color__hover=\u00bb#f4f4f4&#8243; background_enable_color__hover=\u00bbon\u00bb]<h5>N\u00ba 2<\/h5>[\/et_pb_text][et_pb_text _builder_version=\u00bb4.9.7&#8243; header_2_font=\u00bb|600|||||||\u00bb header_2_text_color=\u00bb#82181a\u00bb header_2_font_size=\u00bb16px\u00bb header_2_line_height=\u00bb1.2em\u00bb header_6_font=\u00bb||on||||||\u00bb header_6_font_size=\u00bb12px\u00bb header_6_line_height=\u00bb1.5em\u00bb background_color=\u00bb#ffffff\u00bb use_background_color_gradient=\u00bbon\u00bb background_color_gradient_start=\u00bb#f0e3e4&#8243; background_color_gradient_end=\u00bb#ffffff\u00bb background_color_gradient_direction=\u00bb90deg\u00bb custom_margin=\u00bb||9px|||\u00bb custom_padding=\u00bb6px|10px|0px|10px|false|true\u00bb link_option_url=\u00bbhttps:\/\/www.revista-anatomia.com.ar\/archivos-parciales\/2021-2-revista-argentina-de-anatomia-online-a.pdf\u00bb link_option_url_new_window=\u00bbon\u00bb header_2_font_size_tablet=\u00bb14px\u00bb header_2_font_size_phone=\u00bb\u00bb header_2_font_size_last_edited=\u00bbon|desktop\u00bb header_6_font_size_tablet=\u00bb\u00bb header_6_font_size_phone=\u00bb\u00bb header_6_font_size_last_edited=\u00bbon|tablet\u00bb border_radii=\u00bboff||20px||20px\u00bb global_colors_info=\u00bb{}\u00bb background__hover_enabled=\u00bbon|hover\u00bb background_color__hover=\u00bb#f4f4f4&#8243; background_enable_color__hover=\u00bbon\u00bb background_color_gradient_start__hover=\u00bb#efc6cb\u00bb]<h2>Cambio de paradigma en la ense\u00f1anza de Anatom\u00eda en contexto de Pandemia<\/h2>\n<h6>Ciucci, Jos\u00e9 L.; Rey, Lorena; Dogliotti, Claudia; Gazzotti, Andrea; Jim\u00e9nez Villarruel, Humberto N.<\/h6>[\/et_pb_text][et_pb_text _builder_version=\u00bb4.9.7&#8243; header_2_font=\u00bb|600|||||||\u00bb header_2_text_color=\u00bb#82181a\u00bb header_2_font_size=\u00bb16px\u00bb header_2_line_height=\u00bb1.2em\u00bb header_6_font=\u00bb||on||||||\u00bb header_6_font_size=\u00bb12px\u00bb header_6_line_height=\u00bb1.5em\u00bb background_color=\u00bb#ffffff\u00bb use_background_color_gradient=\u00bbon\u00bb background_color_gradient_start=\u00bb#f0e3e4&#8243; background_color_gradient_end=\u00bb#ffffff\u00bb background_color_gradient_direction=\u00bb90deg\u00bb custom_margin=\u00bb||9px|||\u00bb custom_padding=\u00bb6px|10px|0px|10px|false|true\u00bb link_option_url=\u00bbhttps:\/\/www.revista-anatomia.com.ar\/archivos-parciales\/2021-2-revista-argentina-de-anatomia-online-b.pdf\u00bb link_option_url_new_window=\u00bbon\u00bb header_2_font_size_tablet=\u00bb14px\u00bb header_2_font_size_phone=\u00bb\u00bb header_2_font_size_last_edited=\u00bbon|desktop\u00bb header_6_font_size_tablet=\u00bb\u00bb header_6_font_size_phone=\u00bb\u00bb header_6_font_size_last_edited=\u00bbon|tablet\u00bb border_radii=\u00bboff||||20px\u00bb global_colors_info=\u00bb{}\u00bb background_color__hover=\u00bb#f4f4f4&#8243; background_enable_color__hover=\u00bbon\u00bb background_color_gradient_start__hover=\u00bb#efc6cb\u00bb background__hover_enabled=\u00bbon|hover\u00bb]<h2>Holoprosencefalia. A prop\u00f3sito de un caso<\/h2>\n<h6>Rollan, S.M.; Pe\u00f1alver, V.; Imaz, F.; Avenda\u00f1o, M.; Bobadilla, S.; Forlizzi, V.A.<\/h6>[\/et_pb_text][et_pb_text _builder_version=\u00bb4.9.7&#8243; header_2_font=\u00bb|600|||||||\u00bb header_2_text_color=\u00bb#82181a\u00bb header_2_font_size=\u00bb16px\u00bb header_2_line_height=\u00bb1.2em\u00bb header_6_font=\u00bb||on||||||\u00bb header_6_font_size=\u00bb12px\u00bb header_6_line_height=\u00bb1.5em\u00bb background_color=\u00bb#ffffff\u00bb use_background_color_gradient=\u00bbon\u00bb background_color_gradient_start=\u00bb#f0e3e4&#8243; background_color_gradient_end=\u00bb#ffffff\u00bb background_color_gradient_direction=\u00bb90deg\u00bb custom_margin=\u00bb||9px|||\u00bb custom_padding=\u00bb6px|10px|0px|10px|false|true\u00bb link_option_url=\u00bbhttps:\/\/www.revista-anatomia.com.ar\/archivos-parciales\/2021-2-revista-argentina-de-anatomia-online-c.pdf\u00bb link_option_url_new_window=\u00bbon\u00bb header_2_font_size_tablet=\u00bb14px\u00bb header_2_font_size_phone=\u00bb\u00bb header_2_font_size_last_edited=\u00bbon|desktop\u00bb header_6_font_size_tablet=\u00bb\u00bb header_6_font_size_phone=\u00bb\u00bb header_6_font_size_last_edited=\u00bbon|tablet\u00bb border_radii=\u00bboff||||20px\u00bb global_colors_info=\u00bb{}\u00bb background_color__hover=\u00bb#f4f4f4&#8243; background_enable_color__hover=\u00bbon\u00bb background_color_gradient_start__hover=\u00bb#efc6cb\u00bb background__hover_enabled=\u00bbon|hover\u00bb]<h2>Irrigaci\u00f3n renal m\u00faltiple. Reporte de caso<\/h2>\n<h6>Rodr\u00edguez Herrera, Robinson; Gamboa Monge, Giovanny; Losardo, Ricardo J.; Binvignat Guti\u00e9rrez, Octavio<\/h6>[\/et_pb_text][et_pb_text _builder_version=\u00bb4.9.7&#8243; header_2_font=\u00bb|600|||||||\u00bb header_2_text_color=\u00bb#82181a\u00bb header_2_font_size=\u00bb16px\u00bb header_2_line_height=\u00bb1.2em\u00bb header_6_font=\u00bb||on||||||\u00bb header_6_font_size=\u00bb12px\u00bb header_6_line_height=\u00bb1.5em\u00bb background_color=\u00bb#ffffff\u00bb use_background_color_gradient=\u00bbon\u00bb background_color_gradient_start=\u00bb#f0e3e4&#8243; background_color_gradient_end=\u00bb#ffffff\u00bb background_color_gradient_direction=\u00bb90deg\u00bb custom_margin=\u00bb||9px|||\u00bb custom_padding=\u00bb6px|10px|0px|10px|false|true\u00bb link_option_url=\u00bbhttps:\/\/www.revista-anatomia.com.ar\/archivos-parciales\/2021-2-revista-argentina-de-anatomia-online-d.pdf\u00bb link_option_url_new_window=\u00bbon\u00bb header_2_font_size_tablet=\u00bb14px\u00bb header_2_font_size_phone=\u00bb\u00bb header_2_font_size_last_edited=\u00bbon|desktop\u00bb header_6_font_size_tablet=\u00bb\u00bb header_6_font_size_phone=\u00bb\u00bb header_6_font_size_last_edited=\u00bbon|tablet\u00bb border_radii=\u00bboff||||20px\u00bb global_colors_info=\u00bb{}\u00bb background_color__hover=\u00bb#f4f4f4&#8243; background_enable_color__hover=\u00bbon\u00bb background_color_gradient_start__hover=\u00bb#efc6cb\u00bb background__hover_enabled=\u00bbon|hover\u00bb]<h2>Anatom\u00eda aplicada en las lesiones vasculonerviosas asociadas a fracturas supracond\u00edleas de codo en pediatr\u00eda<\/h2>\n<h6>Balbuena B\u00e1ez, Luciana Edith; Drewes, Ra\u00fal; Fern\u00e1ndez, Luciano Daniel; G\u00f3mez, Omar Rodolfo; Landriel, Alejandro; Sch\u00fcnke, Alberto Nahuel; Valdez, Diego<\/h6>[\/et_pb_text][et_pb_text _builder_version=\u00bb4.9.7&#8243; header_2_font=\u00bb|600|||||||\u00bb header_2_text_color=\u00bb#82181a\u00bb header_2_font_size=\u00bb16px\u00bb header_2_line_height=\u00bb1.2em\u00bb header_6_font=\u00bb||on||||||\u00bb header_6_font_size=\u00bb12px\u00bb header_6_line_height=\u00bb1.5em\u00bb background_color=\u00bb#ffffff\u00bb use_background_color_gradient=\u00bbon\u00bb background_color_gradient_start=\u00bb#f0e3e4&#8243; background_color_gradient_end=\u00bb#ffffff\u00bb background_color_gradient_direction=\u00bb90deg\u00bb custom_margin=\u00bb||9px|||\u00bb custom_padding=\u00bb6px|10px|0px|10px|false|true\u00bb link_option_url=\u00bbhttps:\/\/www.revista-anatomia.com.ar\/archivos-parciales\/2021-2-revista-argentina-de-anatomia-online-e.pdf\u00bb link_option_url_new_window=\u00bbon\u00bb header_2_font_size_tablet=\u00bb14px\u00bb header_2_font_size_phone=\u00bb\u00bb header_2_font_size_last_edited=\u00bbon|desktop\u00bb header_6_font_size_tablet=\u00bb\u00bb header_6_font_size_phone=\u00bb\u00bb header_6_font_size_last_edited=\u00bbon|tablet\u00bb border_radii=\u00bboff||||20px\u00bb global_colors_info=\u00bb{}\u00bb background_color__hover=\u00bb#f4f4f4&#8243; background_enable_color__hover=\u00bbon\u00bb background_color_gradient_start__hover=\u00bb#efc6cb\u00bb background__hover_enabled=\u00bbon|hover\u00bb]<h2>Uso de cad\u00e1veres en la ense\u00f1anza de anatom\u00eda en el pregrado: Los muertos que vos mat\u00e1is gozan de buena salud<\/h2>\n<h6>Mart\u00ednez, Fernando; Martinelli, Luca; Neirreitter, Alejandra; L\u00f3pez Braganca, Lahissa; Loaces, In\u00e9s<\/h6>[\/et_pb_text][\/et_pb_column_inner][\/et_pb_row_inner][et_pb_row_inner column_structure=\u00bb1_2,1_2&#8243; module_id=\u00bb2021_3&#8243; _builder_version=\u00bb4.13.0&#8243; width=\u00bb100%\u00bb width_tablet=\u00bb\u00bb width_phone=\u00bb\u00bb width_last_edited=\u00bbon|desktop\u00bb max_width=\u00bb1920px\u00bb module_alignment=\u00bbleft\u00bb custom_margin=\u00bb|-54px||||\u00bb hover_enabled=\u00bb0&#8243; border_width_bottom=\u00bb3px\u00bb border_color_bottom=\u00bb#cecece\u00bb locked=\u00bboff\u00bb global_colors_info=\u00bb{}\u00bb sticky_enabled=\u00bb0&#8243;][et_pb_column_inner type=\u00bb1_2&#8243; saved_specialty_column_type=\u00bb3_4&#8243; _builder_version=\u00bb4.3.2&#8243; global_colors_info=\u00bb{}\u00bb][et_pb_image src=\u00bbhttps:\/\/www.revista-anatomia.com.ar\/wp-content\/uploads\/2021\/11\/2021-3.jpg\u00bb alt=\u00bbportada Revista Argentina de Anatomia Online 2021 Vol. XII N\u00ba 3&#8243; title_text=\u00bbportada Revista Argentina de Anatomia Online 2021 Vol. XII N\u00ba 3&#8243; url=\u00bbhttps:\/\/www.revista-anatomia.com.ar\/archivo\/2021-3-revista-argentina-de-anatomia-online.pdf\u00bb url_new_window=\u00bbon\u00bb align_tablet=\u00bb\u00bb align_phone=\u00bb\u00bb align_last_edited=\u00bbon|desktop\u00bb _builder_version=\u00bb4.13.0&#8243; width=\u00bb80%\u00bb width_tablet=\u00bb80%\u00bb width_phone=\u00bb80%\u00bb width_last_edited=\u00bbon|desktop\u00bb module_alignment=\u00bbcenter\u00bb hover_enabled=\u00bb0&#8243; border_width_all=\u00bb1px\u00bb border_color_all=\u00bb#b2adad\u00bb box_shadow_style=\u00bbpreset2&#8243; box_shadow_blur=\u00bb8px\u00bb global_colors_info=\u00bb{}\u00bb sticky_enabled=\u00bb0&#8243;][\/et_pb_image][\/et_pb_column_inner][et_pb_column_inner type=\u00bb1_2&#8243; saved_specialty_column_type=\u00bb3_4&#8243; _builder_version=\u00bb4.3.2&#8243; global_colors_info=\u00bb{}\u00bb][et_pb_text _builder_version=\u00bb4.13.0&#8243; header_2_font=\u00bb|600|||||||\u00bb header_2_text_color=\u00bb#82181a\u00bb header_2_font_size=\u00bb16px\u00bb header_2_line_height=\u00bb1.2em\u00bb header_5_font=\u00bb|700|||||||\u00bb header_5_text_color=\u00bb#ffffff\u00bb header_5_font_size=\u00bb14px\u00bb header_6_font=\u00bb||on||||||\u00bb header_6_font_size=\u00bb12px\u00bb header_6_line_height=\u00bb1.5em\u00bb background_color=\u00bb#aaaaaa\u00bb background_color_gradient_direction=\u00bb90deg\u00bb text_orientation=\u00bbcenter\u00bb width=\u00bb70px\u00bb width_tablet=\u00bb\u00bb width_phone=\u00bb\u00bb width_last_edited=\u00bbon|phone\u00bb custom_margin=\u00bb||10px||false|false\u00bb custom_padding=\u00bb8px|7px|0px|7px|false|true\u00bb custom_padding_tablet=\u00bb\u00bb custom_padding_phone=\u00bb9px|10px|0px|10px|false|true\u00bb custom_padding_last_edited=\u00bbon|tablet\u00bb link_option_url_new_window=\u00bbon\u00bb hover_enabled=\u00bb0&#8243; header_2_font_size_tablet=\u00bb14px\u00bb header_2_font_size_phone=\u00bb\u00bb header_2_font_size_last_edited=\u00bbon|desktop\u00bb header_5_font_size_tablet=\u00bb\u00bb header_5_font_size_phone=\u00bb12px\u00bb header_5_font_size_last_edited=\u00bbon|phone\u00bb header_6_font_size_tablet=\u00bb\u00bb header_6_font_size_phone=\u00bb\u00bb header_6_font_size_last_edited=\u00bbon|tablet\u00bb border_radii=\u00bboff||15px||15px\u00bb global_colors_info=\u00bb{}\u00bb background__hover_enabled=\u00bbon|hover\u00bb background_color__hover=\u00bb#f4f4f4&#8243; background_enable_color__hover=\u00bbon\u00bb sticky_enabled=\u00bb0&#8243;]<h5>N\u00ba 3<\/h5>[\/et_pb_text][et_pb_text _builder_version=\u00bb4.13.0&#8243; header_2_font=\u00bb|600|||||||\u00bb header_2_text_color=\u00bb#82181a\u00bb header_2_font_size=\u00bb16px\u00bb header_2_line_height=\u00bb1.2em\u00bb header_6_font=\u00bb||on||||||\u00bb header_6_font_size=\u00bb12px\u00bb header_6_line_height=\u00bb1.5em\u00bb background_color=\u00bb#ffffff\u00bb use_background_color_gradient=\u00bbon\u00bb background_color_gradient_start=\u00bb#f0e3e4&#8243; background_color_gradient_end=\u00bb#ffffff\u00bb background_color_gradient_direction=\u00bb90deg\u00bb custom_margin=\u00bb||9px|||\u00bb custom_padding=\u00bb6px|10px|0px|10px|false|true\u00bb link_option_url=\u00bbhttps:\/\/www.revista-anatomia.com.ar\/archivos-parciales\/2021-3-revista-argentina-de-anatomia-online-a.pdf\u00bb link_option_url_new_window=\u00bbon\u00bb hover_enabled=\u00bb0&#8243; header_2_font_size_tablet=\u00bb14px\u00bb header_2_font_size_phone=\u00bb\u00bb header_2_font_size_last_edited=\u00bbon|desktop\u00bb header_6_font_size_tablet=\u00bb\u00bb header_6_font_size_phone=\u00bb\u00bb header_6_font_size_last_edited=\u00bbon|tablet\u00bb border_radii=\u00bboff||20px||20px\u00bb global_colors_info=\u00bb{}\u00bb background__hover_enabled=\u00bbon|hover\u00bb background_color__hover=\u00bb#f4f4f4&#8243; background_enable_color__hover=\u00bbon\u00bb background_color_gradient_start__hover=\u00bb#efc6cb\u00bb sticky_enabled=\u00bb0&#8243;]<h2>Correlaci\u00f3n an\u00e1tomo-imagenol\u00f3gica de la deformidad tipo cam<\/h2>\n<h6>Guti\u00e9rrez, Germ\u00e1n; Corchs, Eduardo.<\/h6>[\/et_pb_text][et_pb_text _builder_version=\u00bb4.13.0&#8243; header_2_font=\u00bb|600|||||||\u00bb header_2_text_color=\u00bb#82181a\u00bb header_2_font_size=\u00bb16px\u00bb header_2_line_height=\u00bb1.2em\u00bb header_6_font=\u00bb||on||||||\u00bb header_6_font_size=\u00bb12px\u00bb header_6_line_height=\u00bb1.5em\u00bb background_color=\u00bb#ffffff\u00bb use_background_color_gradient=\u00bbon\u00bb background_color_gradient_start=\u00bb#f0e3e4&#8243; background_color_gradient_end=\u00bb#ffffff\u00bb background_color_gradient_direction=\u00bb90deg\u00bb custom_margin=\u00bb||9px|||\u00bb custom_padding=\u00bb6px|10px|0px|10px|false|true\u00bb link_option_url=\u00bbhttps:\/\/www.revista-anatomia.com.ar\/archivos-parciales\/2021-3-revista-argentina-de-anatomia-online-b.pdf\u00bb link_option_url_new_window=\u00bbon\u00bb hover_enabled=\u00bb0&#8243; header_2_font_size_tablet=\u00bb14px\u00bb header_2_font_size_phone=\u00bb\u00bb header_2_font_size_last_edited=\u00bbon|desktop\u00bb header_6_font_size_tablet=\u00bb\u00bb header_6_font_size_phone=\u00bb\u00bb header_6_font_size_last_edited=\u00bbon|tablet\u00bb border_radii=\u00bboff||||20px\u00bb global_colors_info=\u00bb{}\u00bb background_color__hover=\u00bb#f4f4f4&#8243; background_enable_color__hover=\u00bbon\u00bb background_color_gradient_start__hover=\u00bb#efc6cb\u00bb background__hover_enabled=\u00bbon|hover\u00bb sticky_enabled=\u00bb0&#8243;]<h2>Reporte de dos casos de variantes de los conductos pancre\u00e1ticos<\/h2>\n<h6>Ignatov, Mar\u00eda; Zahariev, Alexander; Pose, Santiago; Olivera, Eduardo<\/h6>[\/et_pb_text][et_pb_text _builder_version=\u00bb4.13.0&#8243; header_2_font=\u00bb|600|||||||\u00bb header_2_text_color=\u00bb#82181a\u00bb header_2_font_size=\u00bb16px\u00bb header_2_line_height=\u00bb1.2em\u00bb header_6_font=\u00bb||on||||||\u00bb header_6_font_size=\u00bb12px\u00bb header_6_line_height=\u00bb1.5em\u00bb background_color=\u00bb#ffffff\u00bb use_background_color_gradient=\u00bbon\u00bb background_color_gradient_start=\u00bb#f0e3e4&#8243; background_color_gradient_end=\u00bb#ffffff\u00bb background_color_gradient_direction=\u00bb90deg\u00bb custom_margin=\u00bb||9px|||\u00bb custom_padding=\u00bb6px|10px|0px|10px|false|true\u00bb link_option_url=\u00bbhttps:\/\/www.revista-anatomia.com.ar\/archivos-parciales\/2021-3-revista-argentina-de-anatomia-online-c.pdf\u00bb link_option_url_new_window=\u00bbon\u00bb hover_enabled=\u00bb0&#8243; header_2_font_size_tablet=\u00bb14px\u00bb header_2_font_size_phone=\u00bb\u00bb header_2_font_size_last_edited=\u00bbon|desktop\u00bb header_6_font_size_tablet=\u00bb\u00bb header_6_font_size_phone=\u00bb\u00bb header_6_font_size_last_edited=\u00bbon|tablet\u00bb border_radii=\u00bboff||||20px\u00bb global_colors_info=\u00bb{}\u00bb background_color__hover=\u00bb#f4f4f4&#8243; background_enable_color__hover=\u00bbon\u00bb background_color_gradient_start__hover=\u00bb#efc6cb\u00bb background__hover_enabled=\u00bbon|hover\u00bb sticky_enabled=\u00bb0&#8243;]<h2>Anatom\u00eda en tiempos de COVID: Percepci\u00f3n de un grupo de estudiantes sobre el impacto de la pandemia en el rendimiento acad\u00e9mico y las estrategias docentes<\/h2>\n<h6>Mart\u00ednez, Fernando; De Barbieri, Alejandro; Martinelli, Luca; Lopes Bragan\u00e7a, Lah\u00edssa; Mattiozzi, Andrea; Loaces, In\u00e9s; Sarno, Nadine; Poumayrac, Marie<\/h6>[\/et_pb_text][et_pb_text _builder_version=\u00bb4.13.0&#8243; header_2_font=\u00bb|600|||||||\u00bb header_2_text_color=\u00bb#82181a\u00bb header_2_font_size=\u00bb16px\u00bb header_2_line_height=\u00bb1.2em\u00bb header_6_font=\u00bb||on||||||\u00bb header_6_font_size=\u00bb12px\u00bb header_6_line_height=\u00bb1.5em\u00bb background_color=\u00bb#ffffff\u00bb use_background_color_gradient=\u00bbon\u00bb background_color_gradient_start=\u00bb#f0e3e4&#8243; background_color_gradient_end=\u00bb#ffffff\u00bb background_color_gradient_direction=\u00bb90deg\u00bb custom_margin=\u00bb||9px|||\u00bb custom_padding=\u00bb6px|10px|0px|10px|false|true\u00bb link_option_url=\u00bbhttps:\/\/www.revista-anatomia.com.ar\/archivos-parciales\/2021-3-revista-argentina-de-anatomia-online-d.pdf\u00bb link_option_url_new_window=\u00bbon\u00bb hover_enabled=\u00bb0&#8243; header_2_font_size_tablet=\u00bb14px\u00bb header_2_font_size_phone=\u00bb\u00bb header_2_font_size_last_edited=\u00bbon|desktop\u00bb header_6_font_size_tablet=\u00bb\u00bb header_6_font_size_phone=\u00bb\u00bb header_6_font_size_last_edited=\u00bbon|tablet\u00bb border_radii=\u00bboff||||20px\u00bb global_colors_info=\u00bb{}\u00bb background_color__hover=\u00bb#f4f4f4&#8243; background_enable_color__hover=\u00bbon\u00bb background_color_gradient_start__hover=\u00bb#efc6cb\u00bb background__hover_enabled=\u00bbon|hover\u00bb sticky_enabled=\u00bb0&#8243;]<h2>Ligamentos meniscofemorales de la rodilla: Estudio cadav\u00e9rico e imagenol\u00f3gicoa<\/h2>\n<h6>Ignatov Gal\u00e1n, Mar\u00eda Florencia; Rodr\u00edguez Abella, Camila; Guti\u00e9rrez Su\u00e1rez, Germ\u00e1no<\/h6>[\/et_pb_text][et_pb_text _builder_version=\u00bb4.13.0&#8243; header_2_font=\u00bb|600|||||||\u00bb header_2_text_color=\u00bb#82181a\u00bb header_2_font_size=\u00bb16px\u00bb header_2_line_height=\u00bb1.2em\u00bb header_6_font=\u00bb||on||||||\u00bb header_6_font_size=\u00bb12px\u00bb header_6_line_height=\u00bb1.5em\u00bb background_color=\u00bb#ffffff\u00bb use_background_color_gradient=\u00bbon\u00bb background_color_gradient_start=\u00bb#f0e3e4&#8243; background_color_gradient_end=\u00bb#ffffff\u00bb background_color_gradient_direction=\u00bb90deg\u00bb custom_margin=\u00bb||9px|||\u00bb custom_padding=\u00bb6px|10px|0px|10px|false|true\u00bb link_option_url=\u00bbhttps:\/\/www.revista-anatomia.com.ar\/archivos-parciales\/2021-3-revista-argentina-de-anatomia-online-e.pdf\u00bb link_option_url_new_window=\u00bbon\u00bb hover_enabled=\u00bb0&#8243; header_2_font_size_tablet=\u00bb14px\u00bb header_2_font_size_phone=\u00bb\u00bb header_2_font_size_last_edited=\u00bbon|desktop\u00bb header_6_font_size_tablet=\u00bb\u00bb header_6_font_size_phone=\u00bb\u00bb header_6_font_size_last_edited=\u00bbon|tablet\u00bb border_radii=\u00bboff||||20px\u00bb global_colors_info=\u00bb{}\u00bb background_color__hover=\u00bb#f4f4f4&#8243; background_enable_color__hover=\u00bbon\u00bb background_color_gradient_start__hover=\u00bb#efc6cb\u00bb background__hover_enabled=\u00bbon|hover\u00bb sticky_enabled=\u00bb0&#8243;]<h2>Anatom\u00eda aplicada en la realizaci\u00f3n de autopsias m\u00e9dico-legales m\u00ednimamente invasivas en cad\u00e1veres positivos para COVID-19<\/h2>\n<h6>Maffia Bizzozero, Santiago; Salde\u00f1a, Mat\u00edas Ezequiel<\/h6>[\/et_pb_text][\/et_pb_column_inner][\/et_pb_row_inner][\/et_pb_column][et_pb_column type=\u00bb1_4&#8243; _builder_version=\u00bb3.25&#8243; custom_padding=\u00bb|||\u00bb global_colors_info=\u00bb{}\u00bb custom_padding__hover=\u00bb|||\u00bb][et_pb_sidebar orientation=\u00bbright\u00bb show_border=\u00bboff\u00bb _builder_version=\u00bb4.3.4&#8243; header_font=\u00bb|600|||||||\u00bb header_text_align=\u00bbcenter\u00bb header_text_color=\u00bb#013fa3&#8243; header_line_height=\u00bb1.6em\u00bb body_font=\u00bb|600|||||||\u00bb body_text_align=\u00bbcenter\u00bb body_text_color=\u00bb#6c6d6b\u00bb body_font_size=\u00bb23px\u00bb body_line_height=\u00bb1.5em\u00bb background_enable_color=\u00bboff\u00bb text_orientation=\u00bbcenter\u00bb width=\u00bb100%\u00bb width_tablet=\u00bb100%\u00bb width_phone=\u00bb\u00bb width_last_edited=\u00bbon|phone\u00bb max_width=\u00bb100%\u00bb module_alignment=\u00bbcenter\u00bb custom_margin=\u00bb|||6px||\u00bb header_font_size_tablet=\u00bb\u00bb header_font_size_phone=\u00bb16px\u00bb header_font_size_last_edited=\u00bbon|desktop\u00bb body_font_size_tablet=\u00bb\u00bb body_font_size_phone=\u00bb\u00bb body_font_size_last_edited=\u00bbon|phone\u00bb border_width_top=\u00bb0px\u00bb border_color_top=\u00bb#82181a\u00bb border_radii_tablet=\u00bb\u00bb border_radii_phone=\u00bb\u00bb border_radii_last_edited=\u00bbon|tablet\u00bb global_module=\u00bb648&#8243; saved_tabs=\u00bball\u00bb global_colors_info=\u00bb{}\u00bb][\/et_pb_sidebar][\/et_pb_column][\/et_pb_section]\n","protected":false},"excerpt":{"rendered":"<p>Vol. XII &#8211; 2021Clickear sobre las imagenes para descargar la revista completa en PDF Clickear sobre los t\u00edtulos para descargar los art\u00edculos individuales en PDFN\u00ba 1Variante anat\u00f3mica del tronco superior del plexo braquial. Reporte de un caso. Mart\u00ednez-Benia, Fernando; Rodr\u00edguez-Aceves, Carlos Alberto; Robla-Costales, Javier; Socolovsky, MarianoVariabilidad anat\u00f3mica y patr\u00f3n de osificaci\u00f3n de la ap\u00f3fisis estiloides [&hellip;]<\/p>\n","protected":false},"author":2,"featured_media":1306,"parent":0,"menu_order":0,"comment_status":"closed","ping_status":"closed","template":"","meta":{"_et_pb_use_builder":"on","_et_pb_old_content":"","_et_gb_content_width":"","footnotes":""},"class_list":["post-1406","page","type-page","status-publish","has-post-thumbnail","hentry"],"a3_pvc":{"activated":false,"total_views":54,"today_views":0},"_links":{"self":[{"href":"https:\/\/www.revista-anatomia.com.ar\/en\/wp-json\/wp\/v2\/pages\/1406","targetHints":{"allow":["GET"]}}],"collection":[{"href":"https:\/\/www.revista-anatomia.com.ar\/en\/wp-json\/wp\/v2\/pages"}],"about":[{"href":"https:\/\/www.revista-anatomia.com.ar\/en\/wp-json\/wp\/v2\/types\/page"}],"author":[{"embeddable":true,"href":"https:\/\/www.revista-anatomia.com.ar\/en\/wp-json\/wp\/v2\/users\/2"}],"replies":[{"embeddable":true,"href":"https:\/\/www.revista-anatomia.com.ar\/en\/wp-json\/wp\/v2\/comments?post=1406"}],"version-history":[{"count":0,"href":"https:\/\/www.revista-anatomia.com.ar\/en\/wp-json\/wp\/v2\/pages\/1406\/revisions"}],"wp:featuredmedia":[{"embeddable":true,"href":"https:\/\/www.revista-anatomia.com.ar\/en\/wp-json\/wp\/v2\/media\/1306"}],"wp:attachment":[{"href":"https:\/\/www.revista-anatomia.com.ar\/en\/wp-json\/wp\/v2\/media?parent=1406"}],"curies":[{"name":"wp","href":"https:\/\/api.w.org\/{rel}","templated":true}]}}