{"id":612,"date":"2016-02-22T13:50:40","date_gmt":"2016-02-22T16:50:40","guid":{"rendered":"https:\/\/wp.revista-anatomia.com.ar\/?page_id=612"},"modified":"2020-06-21T14:17:58","modified_gmt":"2020-06-21T17:17:58","slug":"archivo-2016","status":"publish","type":"page","link":"https:\/\/www.revista-anatomia.com.ar\/en\/archivo-2016\/","title":{"rendered":"2016"},"content":{"rendered":"\n[et_pb_section fb_built=\u00bb1&#8243; fullwidth=\u00bbon\u00bb _builder_version=\u00bb4.3.4&#8243; background_image=\u00bbhttps:\/\/www.revista-anatomia.com.ar\/wp-content\/uploads\/2020\/02\/banner-raa.jpg\u00bb background_position=\u00bbtop_center\u00bb width_tablet=\u00bb\u00bb width_phone=\u00bb\u00bb width_last_edited=\u00bbon|desktop\u00bb min_height=\u00bb150px\u00bb min_height_tablet=\u00bb120px\u00bb min_height_phone=\u00bb100px\u00bb min_height_last_edited=\u00bbon|phone\u00bb max_height=\u00bb100px\u00bb box_shadow_style=\u00bbpreset3&#8243;][et_pb_fullwidth_header title=\u00bbArchivo 2016&#8243; _builder_version=\u00bb4.3.2&#8243; title_font=\u00bbActor|700|on||||||\u00bb title_text_align=\u00bbright\u00bb title_font_size=\u00bb32px\u00bb background_enable_color=\u00bboff\u00bb custom_padding=\u00bb||||false|false\u00bb custom_padding_tablet=\u00bb40px||||false|false\u00bb custom_padding_phone=\u00bb10px||||false|false\u00bb custom_padding_last_edited=\u00bbon|phone\u00bb title_font_size_tablet=\u00bb25px\u00bb title_font_size_phone=\u00bb22px\u00bb title_font_size_last_edited=\u00bbon|desktop\u00bb title_text_shadow_style=\u00bbpreset2&#8243;][\/et_pb_fullwidth_header][\/et_pb_section][et_pb_section fb_built=\u00bb1&#8243; specialty=\u00bbon\u00bb _builder_version=\u00bb4.3.4&#8243; width=\u00bb100%\u00bb hover_enabled=\u00bb0&#8243; use_custom_gutter=\u00bbon\u00bb gutter_width=\u00bb2&#8243;][et_pb_column type=\u00bb3_4&#8243; specialty_columns=\u00bb3&#8243; _builder_version=\u00bb3.25&#8243; custom_padding=\u00bb|||\u00bb custom_padding__hover=\u00bb|||\u00bb][et_pb_row_inner _builder_version=\u00bb4.3.2&#8243; width=\u00bb100%\u00bb max_width=\u00bb1920px\u00bb custom_padding=\u00bb21px||21px|||\u00bb locked=\u00bboff\u00bb collapsed=\u00bboff\u00bb][et_pb_column_inner saved_specialty_column_type=\u00bb3_4&#8243; _builder_version=\u00bb4.3.2&#8243;][et_pb_text _builder_version=\u00bb4.3.3&#8243; text_font=\u00bb|700|||||||\u00bb text_text_color=\u00bb#ffffff\u00bb background_color=\u00bb#6092cd\u00bb use_background_color_gradient=\u00bbon\u00bb background_color_gradient_start=\u00bb#0c5e76&#8243; background_color_gradient_end=\u00bb#ffffff\u00bb background_color_gradient_direction=\u00bb90deg\u00bb width=\u00bb30%\u00bb width_tablet=\u00bb100%\u00bb width_phone=\u00bb\u00bb width_last_edited=\u00bbon|phone\u00bb custom_padding=\u00bb3px||3px|20px|true|false\u00bb custom_padding_tablet=\u00bb5px||5px||true|false\u00bb custom_padding_phone=\u00bb\u00bb custom_padding_last_edited=\u00bbon|phone\u00bb text_font_size_tablet=\u00bb\u00bb text_font_size_phone=\u00bb\u00bb text_font_size_last_edited=\u00bbon|tablet\u00bb border_radii=\u00bboff||||20px\u00bb]<p>Vol. VII &#8211; 2016<\/p>[\/et_pb_text][\/et_pb_column_inner][\/et_pb_row_inner][et_pb_row_inner _builder_version=\u00bb4.3.2&#8243; width=\u00bb100%\u00bb max_width=\u00bb1920px\u00bb custom_padding=\u00bb0px||9px|||\u00bb locked=\u00bboff\u00bb][et_pb_column_inner saved_specialty_column_type=\u00bb3_4&#8243; _builder_version=\u00bb4.3.2&#8243;][et_pb_text _builder_version=\u00bb4.3.2&#8243; text_font=\u00bb|300|on||||||\u00bb text_text_color=\u00bb#000000&#8243; text_font_size=\u00bb12px\u00bb text_line_height=\u00bb1.6em\u00bb text_font_size_tablet=\u00bb12px\u00bb text_font_size_phone=\u00bb11px\u00bb]<p>Clickear sobre las imagenes para descargar la revista completa en PDF<br \/> Clickear sobre los t\u00edtulos para descargar los art\u00edculos individuales en PDF<\/p>[\/et_pb_text][\/et_pb_column_inner][\/et_pb_row_inner][et_pb_row_inner column_structure=\u00bb1_2,1_2&#8243; module_id=\u00bb2016_1&#8243; _builder_version=\u00bb4.3.3&#8243; width=\u00bb100%\u00bb width_tablet=\u00bb\u00bb width_phone=\u00bb\u00bb width_last_edited=\u00bbon|desktop\u00bb max_width=\u00bb1920px\u00bb module_alignment=\u00bbleft\u00bb custom_margin=\u00bb|-54px||||\u00bb border_width_bottom=\u00bb3px\u00bb border_color_bottom=\u00bb#cecece\u00bb locked=\u00bboff\u00bb][et_pb_column_inner type=\u00bb1_2&#8243; saved_specialty_column_type=\u00bb3_4&#8243; _builder_version=\u00bb4.3.2&#8243;][et_pb_image src=\u00bbhttps:\/\/www.revista-anatomia.com.ar\/wp-content\/uploads\/2020\/02\/2016-1-revista-argentina-de-anatomia-online.jpg\u00bb url=\u00bbhttps:\/\/www.revista-anatomia.com.ar\/archivo\/2016-1-revista-argentina-de-anatomia-online.pdf\u00bb url_new_window=\u00bbon\u00bb align_tablet=\u00bb\u00bb align_phone=\u00bb\u00bb align_last_edited=\u00bbon|desktop\u00bb _builder_version=\u00bb4.3.4&#8243; width=\u00bb80%\u00bb width_tablet=\u00bb80%\u00bb width_phone=\u00bb80%\u00bb width_last_edited=\u00bbon|desktop\u00bb module_alignment=\u00bbcenter\u00bb border_width_all=\u00bb1px\u00bb border_color_all=\u00bb#b2adad\u00bb box_shadow_style=\u00bbpreset2&#8243; box_shadow_blur=\u00bb8px\u00bb][\/et_pb_image][\/et_pb_column_inner][et_pb_column_inner type=\u00bb1_2&#8243; saved_specialty_column_type=\u00bb3_4&#8243; _builder_version=\u00bb4.3.2&#8243;][et_pb_text _builder_version=\u00bb4.3.2&#8243; header_2_font=\u00bb|600|||||||\u00bb header_2_text_color=\u00bb#82181a\u00bb header_2_font_size=\u00bb16px\u00bb header_2_line_height=\u00bb1.2em\u00bb header_5_font=\u00bb|700|||||||\u00bb header_5_text_color=\u00bb#ffffff\u00bb header_5_font_size=\u00bb14px\u00bb header_6_font=\u00bb||on||||||\u00bb header_6_font_size=\u00bb12px\u00bb header_6_line_height=\u00bb1.5em\u00bb background_color=\u00bb#aaaaaa\u00bb background_color_gradient_direction=\u00bb90deg\u00bb text_orientation=\u00bbcenter\u00bb width=\u00bb70px\u00bb width_tablet=\u00bb\u00bb width_phone=\u00bb\u00bb width_last_edited=\u00bbon|phone\u00bb custom_margin=\u00bb||10px||false|false\u00bb custom_padding=\u00bb8px|7px|0px|7px|false|true\u00bb custom_padding_tablet=\u00bb\u00bb custom_padding_phone=\u00bb9px|10px|0px|10px|false|true\u00bb custom_padding_last_edited=\u00bbon|tablet\u00bb link_option_url_new_window=\u00bbon\u00bb header_2_font_size_tablet=\u00bb14px\u00bb header_2_font_size_phone=\u00bb\u00bb header_2_font_size_last_edited=\u00bbon|desktop\u00bb header_5_font_size_tablet=\u00bb\u00bb header_5_font_size_phone=\u00bb12px\u00bb header_5_font_size_last_edited=\u00bbon|phone\u00bb header_6_font_size_tablet=\u00bb\u00bb header_6_font_size_phone=\u00bb\u00bb header_6_font_size_last_edited=\u00bbon|tablet\u00bb border_radii=\u00bboff||15px||15px\u00bb background__hover_enabled=\u00bbon|hover\u00bb background_color__hover=\u00bb#f4f4f4&#8243; background_enable_color__hover=\u00bbon\u00bb]<h5>N\u00ba 1<\/h5>[\/et_pb_text][et_pb_text _builder_version=\u00bb4.3.3&#8243; header_2_font=\u00bb|600|||||||\u00bb header_2_text_color=\u00bb#82181a\u00bb header_2_font_size=\u00bb16px\u00bb header_2_line_height=\u00bb1.2em\u00bb header_6_font=\u00bb||on||||||\u00bb header_6_font_size=\u00bb12px\u00bb header_6_line_height=\u00bb1.5em\u00bb background_color=\u00bb#ffffff\u00bb use_background_color_gradient=\u00bbon\u00bb background_color_gradient_start=\u00bb#f0e3e4&#8243; background_color_gradient_end=\u00bb#ffffff\u00bb background_color_gradient_direction=\u00bb90deg\u00bb custom_margin=\u00bb||9px|||\u00bb custom_padding=\u00bb6px|10px|0px|10px|false|true\u00bb link_option_url=\u00bbhttps:\/\/www.revista-anatomia.com.ar\/archivos-parciales\/2016-1-revista-argentina-de-anatomia-online-a.pdf\u00bb link_option_url_new_window=\u00bbon\u00bb header_2_font_size_tablet=\u00bb14px\u00bb header_2_font_size_phone=\u00bb\u00bb header_2_font_size_last_edited=\u00bbon|desktop\u00bb header_6_font_size_tablet=\u00bb\u00bb header_6_font_size_phone=\u00bb\u00bb header_6_font_size_last_edited=\u00bbon|tablet\u00bb border_radii=\u00bboff||20px||20px\u00bb background__hover_enabled=\u00bbon|hover\u00bb background_color__hover=\u00bb#f4f4f4&#8243; background_enable_color__hover=\u00bbon\u00bb background_color_gradient_start__hover=\u00bb#efc6cb\u00bb]<h2>Bases anat\u00f3micas del control vascular del ped\u00edculo renal<\/h2>\n<h6>Ferrante, Mar\u00eda S.; Algieri, Rub\u00e9n D.; Fern\u00e1ndez, Juan P.; Flores, Cristian A.; Vassia, Gustavo M.<\/h6>[\/et_pb_text][et_pb_text _builder_version=\u00bb4.3.3&#8243; header_2_font=\u00bb|600|||||||\u00bb header_2_text_color=\u00bb#82181a\u00bb header_2_font_size=\u00bb16px\u00bb header_2_line_height=\u00bb1.2em\u00bb header_6_font=\u00bb||on||||||\u00bb header_6_font_size=\u00bb12px\u00bb header_6_line_height=\u00bb1.5em\u00bb background_color=\u00bb#ffffff\u00bb use_background_color_gradient=\u00bbon\u00bb background_color_gradient_start=\u00bb#f0e3e4&#8243; background_color_gradient_end=\u00bb#ffffff\u00bb background_color_gradient_direction=\u00bb90deg\u00bb custom_margin=\u00bb||9px|||\u00bb custom_padding=\u00bb6px|10px|0px|10px|false|true\u00bb link_option_url=\u00bbhttps:\/\/www.revista-anatomia.com.ar\/archivos-parciales\/2016-1-revista-argentina-de-anatomia-online-b.pdf\u00bb link_option_url_new_window=\u00bbon\u00bb header_2_font_size_tablet=\u00bb14px\u00bb header_2_font_size_phone=\u00bb\u00bb header_2_font_size_last_edited=\u00bbon|desktop\u00bb header_6_font_size_tablet=\u00bb\u00bb header_6_font_size_phone=\u00bb\u00bb header_6_font_size_last_edited=\u00bbon|tablet\u00bb border_radii=\u00bboff||||20px\u00bb background_color__hover=\u00bb#f4f4f4&#8243; background_enable_color__hover=\u00bbon\u00bb background_color_gradient_start__hover=\u00bb#efc6cb\u00bb background__hover_enabled=\u00bbon|hover\u00bb]<h2>Morfometr\u00eda de cortes histol\u00f3gicos de los t\u00fabulos renales normales en humanos adultos<\/h2>\n<h6>Fern\u00e1ndez Lastre, Miosotis de Lourdes; Mederos P\u00e9rez, Iraldo; Alonso Leal, Lourdes; Rego Juhe, Yardelys; Varela Iraola, Sandor; D\u00edaz Cifuentes, Arely; Contreras Tejeda, Jos\u00e9 M.<\/h6>[\/et_pb_text][et_pb_text _builder_version=\u00bb4.3.3&#8243; header_2_font=\u00bb|600|||||||\u00bb header_2_text_color=\u00bb#82181a\u00bb header_2_font_size=\u00bb16px\u00bb header_2_line_height=\u00bb1.2em\u00bb header_6_font=\u00bb||on||||||\u00bb header_6_font_size=\u00bb12px\u00bb header_6_line_height=\u00bb1.5em\u00bb background_color=\u00bb#ffffff\u00bb use_background_color_gradient=\u00bbon\u00bb background_color_gradient_start=\u00bb#f0e3e4&#8243; background_color_gradient_end=\u00bb#ffffff\u00bb background_color_gradient_direction=\u00bb90deg\u00bb custom_margin=\u00bb||9px|||\u00bb custom_padding=\u00bb6px|10px|0px|10px|false|true\u00bb link_option_url=\u00bbhttps:\/\/www.revista-anatomia.com.ar\/archivos-parciales\/2016-1-revista-argentina-de-anatomia-online-c.pdf\u00bb link_option_url_new_window=\u00bbon\u00bb header_2_font_size_tablet=\u00bb14px\u00bb header_2_font_size_phone=\u00bb\u00bb header_2_font_size_last_edited=\u00bbon|desktop\u00bb header_6_font_size_tablet=\u00bb\u00bb header_6_font_size_phone=\u00bb\u00bb header_6_font_size_last_edited=\u00bbon|tablet\u00bb border_radii=\u00bboff||||20px\u00bb background_color__hover=\u00bb#f4f4f4&#8243; background_enable_color__hover=\u00bbon\u00bb background_color_gradient_start__hover=\u00bb#efc6cb\u00bb background__hover_enabled=\u00bbon|hover\u00bb]<h2>Anatom\u00eda aplicada a la neurectom\u00eda del iliohipog\u00e1strico laparosc\u00f3pica extraperitoneal<\/h2>\n<h6>Moreno Egea, Alfredo<\/h6>[\/et_pb_text][et_pb_text _builder_version=\u00bb4.3.3&#8243; header_2_font=\u00bb|600|||||||\u00bb header_2_text_color=\u00bb#82181a\u00bb header_2_font_size=\u00bb16px\u00bb header_2_line_height=\u00bb1.2em\u00bb header_6_font=\u00bb||on||||||\u00bb header_6_font_size=\u00bb12px\u00bb header_6_line_height=\u00bb1.5em\u00bb background_color=\u00bb#ffffff\u00bb use_background_color_gradient=\u00bbon\u00bb background_color_gradient_start=\u00bb#f0e3e4&#8243; background_color_gradient_end=\u00bb#ffffff\u00bb background_color_gradient_direction=\u00bb90deg\u00bb custom_margin=\u00bb||9px|||\u00bb custom_padding=\u00bb6px|10px|0px|10px|false|true\u00bb link_option_url=\u00bbhttps:\/\/www.revista-anatomia.com.ar\/archivos-parciales\/2016-1-revista-argentina-de-anatomia-online-d.pdf\u00bb link_option_url_new_window=\u00bbon\u00bb header_2_font_size_tablet=\u00bb14px\u00bb header_2_font_size_phone=\u00bb\u00bb header_2_font_size_last_edited=\u00bbon|desktop\u00bb header_6_font_size_tablet=\u00bb\u00bb header_6_font_size_phone=\u00bb\u00bb header_6_font_size_last_edited=\u00bbon|tablet\u00bb border_radii=\u00bboff||||20px\u00bb background_color__hover=\u00bb#f4f4f4&#8243; background_enable_color__hover=\u00bbon\u00bb background_color_gradient_start__hover=\u00bb#efc6cb\u00bb background__hover_enabled=\u00bbon|hover\u00bb]<h2>Aplicaci\u00f3n de la Terminolog\u00eda Anat\u00f3mica en la pr\u00e1ctica cl\u00ednica: \u00bfCu\u00e1nto hemos avanzado?<\/h2>\n<h6>Garc\u00eda, Joaqu\u00edn; Pouy, Andr\u00e9s; Garretano, Alejandra; Mansilla Alejandra; Cancela, Nicol\u00e1s; Macadam, Jos\u00e9 P.; Mansilla, Sof\u00eda<\/h6>[\/et_pb_text][et_pb_text _builder_version=\u00bb4.3.3&#8243; header_2_font=\u00bb|600|||||||\u00bb header_2_text_color=\u00bb#82181a\u00bb header_2_font_size=\u00bb16px\u00bb header_2_line_height=\u00bb1.2em\u00bb header_6_font=\u00bb||on||||||\u00bb header_6_font_size=\u00bb12px\u00bb header_6_line_height=\u00bb1.5em\u00bb background_color=\u00bb#ffffff\u00bb use_background_color_gradient=\u00bbon\u00bb background_color_gradient_start=\u00bb#f0e3e4&#8243; background_color_gradient_end=\u00bb#ffffff\u00bb background_color_gradient_direction=\u00bb90deg\u00bb custom_margin=\u00bb||9px|||\u00bb custom_padding=\u00bb6px|10px|0px|10px|false|true\u00bb link_option_url=\u00bbhttps:\/\/www.revista-anatomia.com.ar\/archivos-parciales\/2016-1-revista-argentina-de-anatomia-online-e.pdf\u00bb link_option_url_new_window=\u00bbon\u00bb header_2_font_size_tablet=\u00bb14px\u00bb header_2_font_size_phone=\u00bb\u00bb header_2_font_size_last_edited=\u00bbon|desktop\u00bb header_6_font_size_tablet=\u00bb\u00bb header_6_font_size_phone=\u00bb\u00bb header_6_font_size_last_edited=\u00bbon|tablet\u00bb border_radii=\u00bboff||||20px\u00bb background_color__hover=\u00bb#f4f4f4&#8243; background_enable_color__hover=\u00bbon\u00bb background_color_gradient_start__hover=\u00bb#efc6cb\u00bb background__hover_enabled=\u00bbon|hover\u00bb]<h2>Conceptos actuales en la anatom\u00eda del piso p\u00e9lvico referida a la aplicaci\u00f3n de la Terminolog\u00eda Anat\u00f3mica Internacional<\/h2>\n<h6>Araujo C, Juan C.<\/h6>[\/et_pb_text][et_pb_text _builder_version=\u00bb4.3.3&#8243; header_2_font=\u00bb|600|||||||\u00bb header_2_text_color=\u00bb#82181a\u00bb header_2_font_size=\u00bb16px\u00bb header_2_line_height=\u00bb1.2em\u00bb header_6_font=\u00bb||on||||||\u00bb header_6_font_size=\u00bb12px\u00bb header_6_line_height=\u00bb1.5em\u00bb background_color=\u00bb#ffffff\u00bb use_background_color_gradient=\u00bbon\u00bb background_color_gradient_start=\u00bb#f0e3e4&#8243; background_color_gradient_end=\u00bb#ffffff\u00bb background_color_gradient_direction=\u00bb90deg\u00bb custom_margin=\u00bb||9px|||\u00bb custom_padding=\u00bb6px|10px|0px|10px|false|true\u00bb link_option_url=\u00bbhttps:\/\/www.revista-anatomia.com.ar\/archivos-parciales\/2016-1-revista-argentina-de-anatomia-online-f.pdf\u00bb link_option_url_new_window=\u00bbon\u00bb header_2_font_size_tablet=\u00bb14px\u00bb header_2_font_size_phone=\u00bb\u00bb header_2_font_size_last_edited=\u00bbon|desktop\u00bb header_6_font_size_tablet=\u00bb\u00bb header_6_font_size_phone=\u00bb\u00bb header_6_font_size_last_edited=\u00bbon|tablet\u00bb border_radii=\u00bboff||||20px\u00bb background_color__hover=\u00bb#f4f4f4&#8243; background_enable_color__hover=\u00bbon\u00bb background_color_gradient_start__hover=\u00bb#efc6cb\u00bb background__hover_enabled=\u00bbon|hover\u00bb]<h2>Doble variaci\u00f3n anat\u00f3mica del cayado a\u00f3rtico. Reporte de un caso<\/h2>\n<h6>Al-Awad, Adel; Ortega, Jos\u00e9; Pacheco, Ram\u00f3n; S\u00e1nchez, Arleen; S\u00e1nchez, Mauribel<\/h6>[\/et_pb_text][\/et_pb_column_inner][\/et_pb_row_inner][et_pb_row_inner column_structure=\u00bb1_2,1_2&#8243; module_id=\u00bb2016_2&#8243; _builder_version=\u00bb4.3.3&#8243; width=\u00bb100%\u00bb width_tablet=\u00bb\u00bb width_phone=\u00bb\u00bb width_last_edited=\u00bbon|desktop\u00bb max_width=\u00bb1920px\u00bb module_alignment=\u00bbleft\u00bb custom_margin=\u00bb|-54px||||\u00bb border_width_bottom=\u00bb3px\u00bb border_color_bottom=\u00bb#cecece\u00bb locked=\u00bboff\u00bb][et_pb_column_inner type=\u00bb1_2&#8243; saved_specialty_column_type=\u00bb3_4&#8243; _builder_version=\u00bb4.3.2&#8243;][et_pb_image src=\u00bbhttps:\/\/www.revista-anatomia.com.ar\/wp-content\/uploads\/2020\/02\/2016-2-revista-argentina-de-anatomia-online.jpg\u00bb url=\u00bbhttps:\/\/www.revista-anatomia.com.ar\/archivo\/2016-2-revista-argentina-de-anatomia-online.pdf\u00bb url_new_window=\u00bbon\u00bb align_tablet=\u00bb\u00bb align_phone=\u00bb\u00bb align_last_edited=\u00bbon|desktop\u00bb _builder_version=\u00bb4.3.4&#8243; width=\u00bb80%\u00bb width_tablet=\u00bb80%\u00bb width_phone=\u00bb80%\u00bb width_last_edited=\u00bbon|desktop\u00bb module_alignment=\u00bbcenter\u00bb border_width_all=\u00bb1px\u00bb border_color_all=\u00bb#b2adad\u00bb box_shadow_style=\u00bbpreset2&#8243; box_shadow_blur=\u00bb8px\u00bb][\/et_pb_image][\/et_pb_column_inner][et_pb_column_inner type=\u00bb1_2&#8243; saved_specialty_column_type=\u00bb3_4&#8243; _builder_version=\u00bb4.3.2&#8243;][et_pb_text _builder_version=\u00bb4.3.2&#8243; header_2_font=\u00bb|600|||||||\u00bb header_2_text_color=\u00bb#82181a\u00bb header_2_font_size=\u00bb16px\u00bb header_2_line_height=\u00bb1.2em\u00bb header_5_font=\u00bb|700|||||||\u00bb header_5_text_color=\u00bb#ffffff\u00bb header_5_font_size=\u00bb14px\u00bb header_6_font=\u00bb||on||||||\u00bb header_6_font_size=\u00bb12px\u00bb header_6_line_height=\u00bb1.5em\u00bb background_color=\u00bb#aaaaaa\u00bb background_color_gradient_direction=\u00bb90deg\u00bb text_orientation=\u00bbcenter\u00bb width=\u00bb70px\u00bb width_tablet=\u00bb\u00bb width_phone=\u00bb\u00bb width_last_edited=\u00bbon|phone\u00bb custom_margin=\u00bb||10px||false|false\u00bb custom_padding=\u00bb8px|7px|0px|7px|false|true\u00bb custom_padding_tablet=\u00bb\u00bb custom_padding_phone=\u00bb9px|10px|0px|10px|false|true\u00bb custom_padding_last_edited=\u00bbon|tablet\u00bb link_option_url_new_window=\u00bbon\u00bb header_2_font_size_tablet=\u00bb14px\u00bb header_2_font_size_phone=\u00bb\u00bb header_2_font_size_last_edited=\u00bbon|desktop\u00bb header_5_font_size_tablet=\u00bb\u00bb header_5_font_size_phone=\u00bb12px\u00bb header_5_font_size_last_edited=\u00bbon|phone\u00bb header_6_font_size_tablet=\u00bb\u00bb header_6_font_size_phone=\u00bb\u00bb header_6_font_size_last_edited=\u00bbon|tablet\u00bb border_radii=\u00bboff||15px||15px\u00bb background__hover_enabled=\u00bbon|hover\u00bb background_color__hover=\u00bb#f4f4f4&#8243; background_enable_color__hover=\u00bbon\u00bb]<h5>N\u00ba 2<\/h5>[\/et_pb_text][et_pb_text _builder_version=\u00bb4.3.3&#8243; header_2_font=\u00bb|600|||||||\u00bb header_2_text_color=\u00bb#82181a\u00bb header_2_font_size=\u00bb16px\u00bb header_2_line_height=\u00bb1.2em\u00bb header_6_font=\u00bb||on||||||\u00bb header_6_font_size=\u00bb12px\u00bb header_6_line_height=\u00bb1.5em\u00bb background_color=\u00bb#ffffff\u00bb use_background_color_gradient=\u00bbon\u00bb background_color_gradient_start=\u00bb#f0e3e4&#8243; background_color_gradient_end=\u00bb#ffffff\u00bb background_color_gradient_direction=\u00bb90deg\u00bb custom_margin=\u00bb||9px|||\u00bb custom_padding=\u00bb6px|10px|0px|10px|false|true\u00bb link_option_url=\u00bbhttps:\/\/www.revista-anatomia.com.ar\/archivos-parciales\/2016-2-revista-argentina-de-anatomia-online-a.pdf\u00bb link_option_url_new_window=\u00bbon\u00bb header_2_font_size_tablet=\u00bb14px\u00bb header_2_font_size_phone=\u00bb\u00bb header_2_font_size_last_edited=\u00bbon|desktop\u00bb header_6_font_size_tablet=\u00bb\u00bb header_6_font_size_phone=\u00bb\u00bb header_6_font_size_last_edited=\u00bbon|tablet\u00bb border_radii=\u00bboff||20px||20px\u00bb locked=\u00bboff\u00bb background__hover_enabled=\u00bbon|hover\u00bb background_color__hover=\u00bb#f4f4f4&#8243; background_enable_color__hover=\u00bbon\u00bb background_color_gradient_start__hover=\u00bb#efc6cb\u00bb]<h2>Anatom\u00eda radiol\u00f3gica del envejecimiento a\u00f3rtico normal<\/h2>\n<h6>Peralta, Rodrigo J.; Ladoux, Agustina; Barja, Tamara; Bratti, Griselda; Guti\u00e9rrez, Lucas M.; Bendersky, Mariana<\/h6>[\/et_pb_text][et_pb_text _builder_version=\u00bb4.3.3&#8243; header_2_font=\u00bb|600|||||||\u00bb header_2_text_color=\u00bb#82181a\u00bb header_2_font_size=\u00bb16px\u00bb header_2_line_height=\u00bb1.2em\u00bb header_6_font=\u00bb||on||||||\u00bb header_6_font_size=\u00bb12px\u00bb header_6_line_height=\u00bb1.5em\u00bb background_color=\u00bb#ffffff\u00bb use_background_color_gradient=\u00bbon\u00bb background_color_gradient_start=\u00bb#f0e3e4&#8243; background_color_gradient_end=\u00bb#ffffff\u00bb background_color_gradient_direction=\u00bb90deg\u00bb custom_margin=\u00bb||9px|||\u00bb custom_padding=\u00bb6px|10px|0px|10px|false|true\u00bb link_option_url=\u00bbhttps:\/\/www.revista-anatomia.com.ar\/archivos-parciales\/2016-2-revista-argentina-de-anatomia-online-b.pdf\u00bb link_option_url_new_window=\u00bbon\u00bb header_2_font_size_tablet=\u00bb14px\u00bb header_2_font_size_phone=\u00bb\u00bb header_2_font_size_last_edited=\u00bbon|desktop\u00bb header_6_font_size_tablet=\u00bb\u00bb header_6_font_size_phone=\u00bb\u00bb header_6_font_size_last_edited=\u00bbon|tablet\u00bb border_radii=\u00bboff||||20px\u00bb locked=\u00bboff\u00bb background_color__hover=\u00bb#f4f4f4&#8243; background_enable_color__hover=\u00bbon\u00bb background_color_gradient_start__hover=\u00bb#efc6cb\u00bb background__hover_enabled=\u00bbon|hover\u00bb]<h2>La Terminolog\u00eda Anat\u00f3mica Internacional (TAI) referida a la regi\u00f3n tor\u00e1cica<\/h2>\n<h6>Araujo C., Juan C.<\/h6>[\/et_pb_text][et_pb_text _builder_version=\u00bb4.3.3&#8243; header_2_font=\u00bb|600|||||||\u00bb header_2_text_color=\u00bb#82181a\u00bb header_2_font_size=\u00bb16px\u00bb header_2_line_height=\u00bb1.2em\u00bb header_6_font=\u00bb||on||||||\u00bb header_6_font_size=\u00bb12px\u00bb header_6_line_height=\u00bb1.5em\u00bb background_color=\u00bb#ffffff\u00bb use_background_color_gradient=\u00bbon\u00bb background_color_gradient_start=\u00bb#f0e3e4&#8243; background_color_gradient_end=\u00bb#ffffff\u00bb background_color_gradient_direction=\u00bb90deg\u00bb custom_margin=\u00bb||9px|||\u00bb custom_padding=\u00bb6px|10px|0px|10px|false|true\u00bb link_option_url=\u00bbhttps:\/\/www.revista-anatomia.com.ar\/archivos-parciales\/2016-2-revista-argentina-de-anatomia-online-c.pdf\u00bb link_option_url_new_window=\u00bbon\u00bb header_2_font_size_tablet=\u00bb14px\u00bb header_2_font_size_phone=\u00bb\u00bb header_2_font_size_last_edited=\u00bbon|desktop\u00bb header_6_font_size_tablet=\u00bb\u00bb header_6_font_size_phone=\u00bb\u00bb header_6_font_size_last_edited=\u00bbon|tablet\u00bb border_radii=\u00bboff||||20px\u00bb locked=\u00bboff\u00bb background_color__hover=\u00bb#f4f4f4&#8243; background_enable_color__hover=\u00bbon\u00bb background_color_gradient_start__hover=\u00bb#efc6cb\u00bb background__hover_enabled=\u00bbon|hover\u00bb]<h2>Evoluci\u00f3n del descenso testicular en embriones y fetos humanos<\/h2>\n<h6>Ortiz, M. S.; Ortiz, M. A.; Guidobono, J. A.; Forlino, D.<\/h6>[\/et_pb_text][et_pb_text _builder_version=\u00bb4.3.3&#8243; header_2_font=\u00bb|600|||||||\u00bb header_2_text_color=\u00bb#82181a\u00bb header_2_font_size=\u00bb16px\u00bb header_2_line_height=\u00bb1.2em\u00bb header_6_font=\u00bb||on||||||\u00bb header_6_font_size=\u00bb12px\u00bb header_6_line_height=\u00bb1.5em\u00bb background_color=\u00bb#ffffff\u00bb use_background_color_gradient=\u00bbon\u00bb background_color_gradient_start=\u00bb#f0e3e4&#8243; background_color_gradient_end=\u00bb#ffffff\u00bb background_color_gradient_direction=\u00bb90deg\u00bb custom_margin=\u00bb||9px|||\u00bb custom_padding=\u00bb6px|10px|0px|10px|false|true\u00bb link_option_url=\u00bbhttps:\/\/www.revista-anatomia.com.ar\/archivos-parciales\/2016-2-revista-argentina-de-anatomia-online-d.pdf\u00bb link_option_url_new_window=\u00bbon\u00bb header_2_font_size_tablet=\u00bb14px\u00bb header_2_font_size_phone=\u00bb\u00bb header_2_font_size_last_edited=\u00bbon|desktop\u00bb header_6_font_size_tablet=\u00bb\u00bb header_6_font_size_phone=\u00bb\u00bb header_6_font_size_last_edited=\u00bbon|tablet\u00bb border_radii=\u00bboff||||20px\u00bb locked=\u00bboff\u00bb background_color__hover=\u00bb#f4f4f4&#8243; background_enable_color__hover=\u00bbon\u00bb background_color_gradient_start__hover=\u00bb#efc6cb\u00bb background__hover_enabled=\u00bbon|hover\u00bb]<h2>Anatom\u00eda e histolog\u00eda de las articulaciones de la laringe canina. Un modelo experimental<\/h2>\n<h6>Mateo, Alejandra G.; Silva, Liliana B.; S\u00e1nchez, Hilda L.<\/h6>[\/et_pb_text][et_pb_text _builder_version=\u00bb4.3.3&#8243; header_2_font=\u00bb|600|||||||\u00bb header_2_text_color=\u00bb#82181a\u00bb header_2_font_size=\u00bb16px\u00bb header_2_line_height=\u00bb1.2em\u00bb header_6_font=\u00bb||on||||||\u00bb header_6_font_size=\u00bb12px\u00bb header_6_line_height=\u00bb1.5em\u00bb background_color=\u00bb#ffffff\u00bb use_background_color_gradient=\u00bbon\u00bb background_color_gradient_start=\u00bb#f0e3e4&#8243; background_color_gradient_end=\u00bb#ffffff\u00bb background_color_gradient_direction=\u00bb90deg\u00bb custom_margin=\u00bb||9px|||\u00bb custom_padding=\u00bb6px|10px|0px|10px|false|true\u00bb link_option_url=\u00bbhttps:\/\/www.revista-anatomia.com.ar\/archivos-parciales\/2016-2-revista-argentina-de-anatomia-online-e.pdf\u00bb link_option_url_new_window=\u00bbon\u00bb header_2_font_size_tablet=\u00bb14px\u00bb header_2_font_size_phone=\u00bb\u00bb header_2_font_size_last_edited=\u00bbon|desktop\u00bb header_6_font_size_tablet=\u00bb\u00bb header_6_font_size_phone=\u00bb\u00bb header_6_font_size_last_edited=\u00bbon|tablet\u00bb border_radii=\u00bboff||||20px\u00bb locked=\u00bboff\u00bb background_color__hover=\u00bb#f4f4f4&#8243; background_enable_color__hover=\u00bbon\u00bb background_color_gradient_start__hover=\u00bb#efc6cb\u00bb background__hover_enabled=\u00bbon|hover\u00bb]<h2>Fascias de la axila. Nuevas investigaciones sobre 34 casos<\/h2>\n<h6>Poitevin, Luciano A.; Postan, Daniel; Forlizzi, Valeria<\/h6>[\/et_pb_text][et_pb_text _builder_version=\u00bb4.3.3&#8243; header_2_font=\u00bb|600|||||||\u00bb header_2_text_color=\u00bb#82181a\u00bb header_2_font_size=\u00bb16px\u00bb header_2_line_height=\u00bb1.2em\u00bb header_6_font=\u00bb||on||||||\u00bb header_6_font_size=\u00bb12px\u00bb header_6_line_height=\u00bb1.5em\u00bb background_color=\u00bb#ffffff\u00bb use_background_color_gradient=\u00bbon\u00bb background_color_gradient_start=\u00bb#f0e3e4&#8243; background_color_gradient_end=\u00bb#ffffff\u00bb background_color_gradient_direction=\u00bb90deg\u00bb custom_margin=\u00bb||9px|||\u00bb custom_padding=\u00bb6px|10px|0px|10px|false|true\u00bb link_option_url=\u00bbhttps:\/\/www.revista-anatomia.com.ar\/archivos-parciales\/2016-2-revista-argentina-de-anatomia-online-f.pdf\u00bb link_option_url_new_window=\u00bbon\u00bb header_2_font_size_tablet=\u00bb14px\u00bb header_2_font_size_phone=\u00bb\u00bb header_2_font_size_last_edited=\u00bbon|desktop\u00bb header_6_font_size_tablet=\u00bb\u00bb header_6_font_size_phone=\u00bb\u00bb header_6_font_size_last_edited=\u00bbon|tablet\u00bb border_radii=\u00bboff||||20px\u00bb locked=\u00bboff\u00bb background_color__hover=\u00bb#f4f4f4&#8243; background_enable_color__hover=\u00bbon\u00bb background_color_gradient_start__hover=\u00bb#efc6cb\u00bb background__hover_enabled=\u00bbon|hover\u00bb]<h2>Irrigaci\u00f3n de la flexura duodenoyeyunal<\/h2>\n<h6>Poggi, Catalina; Cavadas, Alejo; Repetto, Anal\u00eda G.; Pulice, Lucila; L\u00f3pez, Tom\u00e1s G.; Shinzato, Sergio<\/h6>[\/et_pb_text][\/et_pb_column_inner][\/et_pb_row_inner][et_pb_row_inner column_structure=\u00bb1_2,1_2&#8243; module_id=\u00bb2016_3&#8243; _builder_version=\u00bb4.3.3&#8243; width=\u00bb100%\u00bb width_tablet=\u00bb\u00bb width_phone=\u00bb\u00bb width_last_edited=\u00bbon|desktop\u00bb max_width=\u00bb1920px\u00bb module_alignment=\u00bbleft\u00bb custom_margin=\u00bb|-54px||||\u00bb border_width_bottom=\u00bb3px\u00bb border_color_bottom=\u00bb#cecece\u00bb locked=\u00bboff\u00bb][et_pb_column_inner type=\u00bb1_2&#8243; saved_specialty_column_type=\u00bb3_4&#8243; _builder_version=\u00bb4.3.2&#8243;][et_pb_image src=\u00bbhttps:\/\/www.revista-anatomia.com.ar\/wp-content\/uploads\/2020\/02\/2016-3-revista-argentina-de-anatomia-online.jpg\u00bb url=\u00bbhttps:\/\/www.revista-anatomia.com.ar\/archivo\/2016-3-revista-argentina-de-anatomia-online.pdf\u00bb url_new_window=\u00bbon\u00bb align_tablet=\u00bb\u00bb align_phone=\u00bb\u00bb align_last_edited=\u00bbon|desktop\u00bb _builder_version=\u00bb4.3.4&#8243; width=\u00bb80%\u00bb width_tablet=\u00bb80%\u00bb width_phone=\u00bb80%\u00bb width_last_edited=\u00bbon|desktop\u00bb module_alignment=\u00bbcenter\u00bb border_width_all=\u00bb1px\u00bb border_color_all=\u00bb#b2adad\u00bb box_shadow_style=\u00bbpreset2&#8243; box_shadow_blur=\u00bb8px\u00bb][\/et_pb_image][\/et_pb_column_inner][et_pb_column_inner type=\u00bb1_2&#8243; saved_specialty_column_type=\u00bb3_4&#8243; _builder_version=\u00bb4.3.2&#8243;][et_pb_text _builder_version=\u00bb4.3.2&#8243; header_2_font=\u00bb|600|||||||\u00bb header_2_text_color=\u00bb#82181a\u00bb header_2_font_size=\u00bb16px\u00bb header_2_line_height=\u00bb1.2em\u00bb header_5_font=\u00bb|700|||||||\u00bb header_5_text_color=\u00bb#ffffff\u00bb header_5_font_size=\u00bb14px\u00bb header_6_font=\u00bb||on||||||\u00bb header_6_font_size=\u00bb12px\u00bb header_6_line_height=\u00bb1.5em\u00bb background_color=\u00bb#aaaaaa\u00bb background_color_gradient_direction=\u00bb90deg\u00bb text_orientation=\u00bbcenter\u00bb width=\u00bb70px\u00bb width_tablet=\u00bb\u00bb width_phone=\u00bb\u00bb width_last_edited=\u00bbon|phone\u00bb custom_margin=\u00bb||10px||false|false\u00bb custom_padding=\u00bb8px|7px|0px|7px|false|true\u00bb custom_padding_tablet=\u00bb\u00bb custom_padding_phone=\u00bb9px|10px|0px|10px|false|true\u00bb custom_padding_last_edited=\u00bbon|tablet\u00bb link_option_url_new_window=\u00bbon\u00bb header_2_font_size_tablet=\u00bb14px\u00bb header_2_font_size_phone=\u00bb\u00bb header_2_font_size_last_edited=\u00bbon|desktop\u00bb header_5_font_size_tablet=\u00bb\u00bb header_5_font_size_phone=\u00bb12px\u00bb header_5_font_size_last_edited=\u00bbon|phone\u00bb header_6_font_size_tablet=\u00bb\u00bb header_6_font_size_phone=\u00bb\u00bb header_6_font_size_last_edited=\u00bbon|tablet\u00bb border_radii=\u00bboff||15px||15px\u00bb background__hover_enabled=\u00bbon|hover\u00bb background_color__hover=\u00bb#f4f4f4&#8243; background_enable_color__hover=\u00bbon\u00bb]<h5>N\u00ba 3<\/h5>[\/et_pb_text][et_pb_text _builder_version=\u00bb4.3.3&#8243; header_2_font=\u00bb|600|||||||\u00bb header_2_text_color=\u00bb#82181a\u00bb header_2_font_size=\u00bb16px\u00bb header_2_line_height=\u00bb1.2em\u00bb header_6_font=\u00bb||on||||||\u00bb header_6_font_size=\u00bb12px\u00bb header_6_line_height=\u00bb1.5em\u00bb background_color=\u00bb#ffffff\u00bb use_background_color_gradient=\u00bbon\u00bb background_color_gradient_start=\u00bb#f0e3e4&#8243; background_color_gradient_end=\u00bb#ffffff\u00bb background_color_gradient_direction=\u00bb90deg\u00bb custom_margin=\u00bb||9px|||\u00bb custom_padding=\u00bb6px|10px|0px|10px|false|true\u00bb link_option_url=\u00bbhttps:\/\/www.revista-anatomia.com.ar\/archivos-parciales\/2016-3-revista-argentina-de-anatomia-online-a.pdf\u00bb link_option_url_new_window=\u00bbon\u00bb header_2_font_size_tablet=\u00bb14px\u00bb header_2_font_size_phone=\u00bb\u00bb header_2_font_size_last_edited=\u00bbon|desktop\u00bb header_6_font_size_tablet=\u00bb\u00bb header_6_font_size_phone=\u00bb\u00bb header_6_font_size_last_edited=\u00bbon|tablet\u00bb border_radii=\u00bboff||20px||20px\u00bb locked=\u00bboff\u00bb background__hover_enabled=\u00bbon|hover\u00bb background_color__hover=\u00bb#f4f4f4&#8243; background_enable_color__hover=\u00bbon\u00bb background_color_gradient_start__hover=\u00bb#efc6cb\u00bb]<h2>Establecer el conocimiento de la Terminolog\u00eda Anat\u00f3mica Internacional (TAI) en la cirug\u00eda de la regi\u00f3n inguino femoral por el cirujano general<\/h2>\n<h6>Araujo C., Juan C.<\/h6>[\/et_pb_text][et_pb_text _builder_version=\u00bb4.3.3&#8243; header_2_font=\u00bb|600|||||||\u00bb header_2_text_color=\u00bb#82181a\u00bb header_2_font_size=\u00bb16px\u00bb header_2_line_height=\u00bb1.2em\u00bb header_6_font=\u00bb||on||||||\u00bb header_6_font_size=\u00bb12px\u00bb header_6_line_height=\u00bb1.5em\u00bb background_color=\u00bb#ffffff\u00bb use_background_color_gradient=\u00bbon\u00bb background_color_gradient_start=\u00bb#f0e3e4&#8243; background_color_gradient_end=\u00bb#ffffff\u00bb background_color_gradient_direction=\u00bb90deg\u00bb custom_margin=\u00bb||9px|||\u00bb custom_padding=\u00bb6px|10px|0px|10px|false|true\u00bb link_option_url=\u00bbhttps:\/\/www.revista-anatomia.com.ar\/archivos-parciales\/2016-3-revista-argentina-de-anatomia-online-b.pdf\u00bb link_option_url_new_window=\u00bbon\u00bb header_2_font_size_tablet=\u00bb14px\u00bb header_2_font_size_phone=\u00bb\u00bb header_2_font_size_last_edited=\u00bbon|desktop\u00bb header_6_font_size_tablet=\u00bb\u00bb header_6_font_size_phone=\u00bb\u00bb header_6_font_size_last_edited=\u00bbon|tablet\u00bb border_radii=\u00bboff||||20px\u00bb locked=\u00bboff\u00bb background_color__hover=\u00bb#f4f4f4&#8243; background_enable_color__hover=\u00bbon\u00bb background_color_gradient_start__hover=\u00bb#efc6cb\u00bb background__hover_enabled=\u00bbon|hover\u00bb]<h2>Estudio morfol\u00f3gico del arco plantar y las arterias metatarsianas plantares<\/h2>\n<h6>L\u00b4Abbate, C.; L\u00f3pez Min\u00e1, M.; Ruggieri, F.; Iaccarino, A.; Lavorato, N.; L\u00f3pez, T.<\/h6>[\/et_pb_text][et_pb_text _builder_version=\u00bb4.3.3&#8243; header_2_font=\u00bb|600|||||||\u00bb header_2_text_color=\u00bb#82181a\u00bb header_2_font_size=\u00bb16px\u00bb header_2_line_height=\u00bb1.2em\u00bb header_6_font=\u00bb||on||||||\u00bb header_6_font_size=\u00bb12px\u00bb header_6_line_height=\u00bb1.5em\u00bb background_color=\u00bb#ffffff\u00bb use_background_color_gradient=\u00bbon\u00bb background_color_gradient_start=\u00bb#f0e3e4&#8243; background_color_gradient_end=\u00bb#ffffff\u00bb background_color_gradient_direction=\u00bb90deg\u00bb custom_margin=\u00bb||9px|||\u00bb custom_padding=\u00bb6px|10px|0px|10px|false|true\u00bb link_option_url=\u00bbhttps:\/\/www.revista-anatomia.com.ar\/archivos-parciales\/2016-3-revista-argentina-de-anatomia-online-c.pdf\u00bb link_option_url_new_window=\u00bbon\u00bb header_2_font_size_tablet=\u00bb14px\u00bb header_2_font_size_phone=\u00bb\u00bb header_2_font_size_last_edited=\u00bbon|desktop\u00bb header_6_font_size_tablet=\u00bb\u00bb header_6_font_size_phone=\u00bb\u00bb header_6_font_size_last_edited=\u00bbon|tablet\u00bb border_radii=\u00bboff||||20px\u00bb locked=\u00bboff\u00bb background_color__hover=\u00bb#f4f4f4&#8243; background_enable_color__hover=\u00bbon\u00bb background_color_gradient_start__hover=\u00bb#efc6cb\u00bb background__hover_enabled=\u00bbon|hover\u00bb]<h2>Variaciones anat\u00f3micas de la v\u00e1lvula mitral: Estudio preliminar<\/h2>\n<h6>Otonelli, Luciano G.; Di Paolo, Michelle; Chacaltana Villacorta, Andy; Parra, Jos\u00e9 S.; Sgarbanti, Victoria<\/h6>[\/et_pb_text][et_pb_text _builder_version=\u00bb4.3.3&#8243; header_2_font=\u00bb|600|||||||\u00bb header_2_text_color=\u00bb#82181a\u00bb header_2_font_size=\u00bb16px\u00bb header_2_line_height=\u00bb1.2em\u00bb header_6_font=\u00bb||on||||||\u00bb header_6_font_size=\u00bb12px\u00bb header_6_line_height=\u00bb1.5em\u00bb background_color=\u00bb#ffffff\u00bb use_background_color_gradient=\u00bbon\u00bb background_color_gradient_start=\u00bb#f0e3e4&#8243; background_color_gradient_end=\u00bb#ffffff\u00bb background_color_gradient_direction=\u00bb90deg\u00bb custom_margin=\u00bb||9px|||\u00bb custom_padding=\u00bb6px|10px|0px|10px|false|true\u00bb link_option_url=\u00bbhttps:\/\/www.revista-anatomia.com.ar\/archivos-parciales\/2016-3-revista-argentina-de-anatomia-online-d.pdf\u00bb link_option_url_new_window=\u00bbon\u00bb header_2_font_size_tablet=\u00bb14px\u00bb header_2_font_size_phone=\u00bb\u00bb header_2_font_size_last_edited=\u00bbon|desktop\u00bb header_6_font_size_tablet=\u00bb\u00bb header_6_font_size_phone=\u00bb\u00bb header_6_font_size_last_edited=\u00bbon|tablet\u00bb border_radii=\u00bboff||||20px\u00bb locked=\u00bboff\u00bb background_color__hover=\u00bb#f4f4f4&#8243; background_enable_color__hover=\u00bbon\u00bb background_color_gradient_start__hover=\u00bb#efc6cb\u00bb background__hover_enabled=\u00bbon|hover\u00bb]<h2>Anatom\u00eda quir\u00fargica de la arteria inter\u00f3sea posterior y su vinculaci\u00f3n con el arco dorsal del carpo<\/h2>\n<h6>Mart\u00ednez, Ezequiel F.; Lobbosco, Sebasti\u00e1n; Pastrana, Mart\u00edn J.<\/h6>[\/et_pb_text][et_pb_text _builder_version=\u00bb4.3.3&#8243; header_2_font=\u00bb|600|||||||\u00bb header_2_text_color=\u00bb#82181a\u00bb header_2_font_size=\u00bb16px\u00bb header_2_line_height=\u00bb1.2em\u00bb header_6_font=\u00bb||on||||||\u00bb header_6_font_size=\u00bb12px\u00bb header_6_line_height=\u00bb1.5em\u00bb background_color=\u00bb#ffffff\u00bb use_background_color_gradient=\u00bbon\u00bb background_color_gradient_start=\u00bb#f0e3e4&#8243; background_color_gradient_end=\u00bb#ffffff\u00bb background_color_gradient_direction=\u00bb90deg\u00bb custom_margin=\u00bb||9px|||\u00bb custom_padding=\u00bb6px|10px|0px|10px|false|true\u00bb link_option_url=\u00bbhttps:\/\/www.revista-anatomia.com.ar\/archivos-parciales\/2016-3-revista-argentina-de-anatomia-online-e.pdf\u00bb link_option_url_new_window=\u00bbon\u00bb header_2_font_size_tablet=\u00bb14px\u00bb header_2_font_size_phone=\u00bb\u00bb header_2_font_size_last_edited=\u00bbon|desktop\u00bb header_6_font_size_tablet=\u00bb\u00bb header_6_font_size_phone=\u00bb\u00bb header_6_font_size_last_edited=\u00bbon|tablet\u00bb border_radii=\u00bboff||||20px\u00bb locked=\u00bboff\u00bb background_color__hover=\u00bb#f4f4f4&#8243; background_enable_color__hover=\u00bbon\u00bb background_color_gradient_start__hover=\u00bb#efc6cb\u00bb background__hover_enabled=\u00bbon|hover\u00bb]<h2>Afrontamiento cadav\u00e9rico y uso de tecnolog\u00eda virtual: Respuestas subjetivas de alumnos de Anatom\u00eda y su impacto en las estrategias de ense\u00f1anza<\/h2>\n<h6>Mazzoglio y Nabar, Mart\u00edn; Algieri, Rub\u00e9n D.; Tornese, Elba; Dogliotti, Claudia; Ferrante, Soledad; Gazzotti, Andrea; Jim\u00e9nez Villarruel, Humberto; Rey, Lorena; Alonso, Horacio; G\u00f3mez, Dayana; Vi\u00f1as, Jos\u00e9<\/h6>[\/et_pb_text][et_pb_text _builder_version=\u00bb4.3.3&#8243; header_2_font=\u00bb|600|||||||\u00bb header_2_text_color=\u00bb#82181a\u00bb header_2_font_size=\u00bb16px\u00bb header_2_line_height=\u00bb1.2em\u00bb header_6_font=\u00bb||on||||||\u00bb header_6_font_size=\u00bb12px\u00bb header_6_line_height=\u00bb1.5em\u00bb background_color=\u00bb#ffffff\u00bb use_background_color_gradient=\u00bbon\u00bb background_color_gradient_start=\u00bb#f0e3e4&#8243; background_color_gradient_end=\u00bb#ffffff\u00bb background_color_gradient_direction=\u00bb90deg\u00bb custom_margin=\u00bb||9px|||\u00bb custom_padding=\u00bb6px|10px|0px|10px|false|true\u00bb link_option_url=\u00bbhttps:\/\/www.revista-anatomia.com.ar\/archivos-parciales\/2016-3-revista-argentina-de-anatomia-online-f.pdf\u00bb link_option_url_new_window=\u00bbon\u00bb header_2_font_size_tablet=\u00bb14px\u00bb header_2_font_size_phone=\u00bb\u00bb header_2_font_size_last_edited=\u00bbon|desktop\u00bb header_6_font_size_tablet=\u00bb\u00bb header_6_font_size_phone=\u00bb\u00bb header_6_font_size_last_edited=\u00bbon|tablet\u00bb border_radii=\u00bboff||||20px\u00bb locked=\u00bboff\u00bb background_color__hover=\u00bb#f4f4f4&#8243; background_enable_color__hover=\u00bbon\u00bb background_color_gradient_start__hover=\u00bb#efc6cb\u00bb background__hover_enabled=\u00bbon|hover\u00bb]<h2>Variaciones anat\u00f3micas del nervio ci\u00e1tico: Su relaci\u00f3n con el m\u00fasculo piriforme<\/h2>\n<h6>Barone Papaianni, I\u00f1aki; Di Paolo, Michelle; Chilo, Joel J.; Alonso, Horacio; Enriquez, Romina; Cancelliere Fritzler, Rodrigo<\/h6>[\/et_pb_text][\/et_pb_column_inner][\/et_pb_row_inner][et_pb_row_inner column_structure=\u00bb1_2,1_2&#8243; module_id=\u00bb2016_4&#8243; _builder_version=\u00bb4.3.3&#8243; width=\u00bb100%\u00bb width_tablet=\u00bb\u00bb width_phone=\u00bb\u00bb width_last_edited=\u00bbon|desktop\u00bb max_width=\u00bb1920px\u00bb module_alignment=\u00bbleft\u00bb custom_margin=\u00bb|-54px||||\u00bb border_color_bottom=\u00bb#cecece\u00bb locked=\u00bboff\u00bb][et_pb_column_inner type=\u00bb1_2&#8243; saved_specialty_column_type=\u00bb3_4&#8243; _builder_version=\u00bb4.3.2&#8243;][et_pb_image src=\u00bbhttps:\/\/www.revista-anatomia.com.ar\/wp-content\/uploads\/2020\/02\/2016-4-revista-argentina-de-anatomia-online.jpg\u00bb url=\u00bbhttps:\/\/www.revista-anatomia.com.ar\/archivo\/2016-4-revista-argentina-de-anatomia-online.pdf\u00bb url_new_window=\u00bbon\u00bb align_tablet=\u00bb\u00bb align_phone=\u00bb\u00bb align_last_edited=\u00bbon|desktop\u00bb _builder_version=\u00bb4.3.4&#8243; width=\u00bb80%\u00bb width_tablet=\u00bb80%\u00bb width_phone=\u00bb80%\u00bb width_last_edited=\u00bbon|desktop\u00bb module_alignment=\u00bbcenter\u00bb border_width_all=\u00bb1px\u00bb border_color_all=\u00bb#b2adad\u00bb box_shadow_style=\u00bbpreset2&#8243; box_shadow_blur=\u00bb8px\u00bb][\/et_pb_image][\/et_pb_column_inner][et_pb_column_inner type=\u00bb1_2&#8243; saved_specialty_column_type=\u00bb3_4&#8243; _builder_version=\u00bb4.3.2&#8243;][et_pb_text _builder_version=\u00bb4.3.2&#8243; header_2_font=\u00bb|600|||||||\u00bb header_2_text_color=\u00bb#82181a\u00bb header_2_font_size=\u00bb16px\u00bb header_2_line_height=\u00bb1.2em\u00bb header_5_font=\u00bb|700|||||||\u00bb header_5_text_color=\u00bb#ffffff\u00bb header_5_font_size=\u00bb14px\u00bb header_6_font=\u00bb||on||||||\u00bb header_6_font_size=\u00bb12px\u00bb header_6_line_height=\u00bb1.5em\u00bb background_color=\u00bb#aaaaaa\u00bb background_color_gradient_direction=\u00bb90deg\u00bb text_orientation=\u00bbcenter\u00bb width=\u00bb70px\u00bb width_tablet=\u00bb\u00bb width_phone=\u00bb\u00bb width_last_edited=\u00bbon|phone\u00bb custom_margin=\u00bb||10px||false|false\u00bb custom_padding=\u00bb8px|7px|0px|7px|false|true\u00bb custom_padding_tablet=\u00bb\u00bb custom_padding_phone=\u00bb9px|10px|0px|10px|false|true\u00bb custom_padding_last_edited=\u00bbon|tablet\u00bb link_option_url_new_window=\u00bbon\u00bb header_2_font_size_tablet=\u00bb14px\u00bb header_2_font_size_phone=\u00bb\u00bb header_2_font_size_last_edited=\u00bbon|desktop\u00bb header_5_font_size_tablet=\u00bb\u00bb header_5_font_size_phone=\u00bb12px\u00bb header_5_font_size_last_edited=\u00bbon|phone\u00bb header_6_font_size_tablet=\u00bb\u00bb header_6_font_size_phone=\u00bb\u00bb header_6_font_size_last_edited=\u00bbon|tablet\u00bb border_radii=\u00bboff||15px||15px\u00bb background__hover_enabled=\u00bbon|hover\u00bb background_color__hover=\u00bb#f4f4f4&#8243; background_enable_color__hover=\u00bbon\u00bb]<h5>N\u00ba 4<\/h5>[\/et_pb_text][et_pb_text _builder_version=\u00bb4.3.3&#8243; header_2_font=\u00bb|600|||||||\u00bb header_2_text_color=\u00bb#82181a\u00bb header_2_font_size=\u00bb16px\u00bb header_2_line_height=\u00bb1.2em\u00bb header_6_font=\u00bb||on||||||\u00bb header_6_font_size=\u00bb12px\u00bb header_6_line_height=\u00bb1.5em\u00bb background_color=\u00bb#ffffff\u00bb use_background_color_gradient=\u00bbon\u00bb background_color_gradient_start=\u00bb#f0e3e4&#8243; background_color_gradient_end=\u00bb#ffffff\u00bb background_color_gradient_direction=\u00bb90deg\u00bb custom_margin=\u00bb||9px|||\u00bb custom_padding=\u00bb6px|10px|0px|10px|false|true\u00bb link_option_url=\u00bbhttps:\/\/www.revista-anatomia.com.ar\/archivos-parciales\/2016-4-revista-argentina-de-anatomia-online-a.pdf\u00bb link_option_url_new_window=\u00bbon\u00bb header_2_font_size_tablet=\u00bb14px\u00bb header_2_font_size_phone=\u00bb\u00bb header_2_font_size_last_edited=\u00bbon|desktop\u00bb header_6_font_size_tablet=\u00bb\u00bb header_6_font_size_phone=\u00bb\u00bb header_6_font_size_last_edited=\u00bbon|tablet\u00bb border_radii=\u00bboff||20px||20px\u00bb locked=\u00bboff\u00bb background__hover_enabled=\u00bbon|hover\u00bb background_color__hover=\u00bb#f4f4f4&#8243; background_enable_color__hover=\u00bbon\u00bb background_color_gradient_start__hover=\u00bb#efc6cb\u00bb]<h2>Topograf\u00eda del conducto tor\u00e1cico<\/h2>\n<h6>Pulice, Lucila; Repetto, Anal\u00eda G.; Shinzato, Sergio; Poggi, Catalina; Cavadas, Alejo; L\u00f3pez, Tom\u00e1s G.<\/h6>[\/et_pb_text][et_pb_text _builder_version=\u00bb4.3.3&#8243; header_2_font=\u00bb|600|||||||\u00bb header_2_text_color=\u00bb#82181a\u00bb header_2_font_size=\u00bb16px\u00bb header_2_line_height=\u00bb1.2em\u00bb header_6_font=\u00bb||on||||||\u00bb header_6_font_size=\u00bb12px\u00bb header_6_line_height=\u00bb1.5em\u00bb background_color=\u00bb#ffffff\u00bb use_background_color_gradient=\u00bbon\u00bb background_color_gradient_start=\u00bb#f0e3e4&#8243; background_color_gradient_end=\u00bb#ffffff\u00bb background_color_gradient_direction=\u00bb90deg\u00bb custom_margin=\u00bb||9px|||\u00bb custom_padding=\u00bb6px|10px|0px|10px|false|true\u00bb link_option_url=\u00bbhttps:\/\/www.revista-anatomia.com.ar\/archivos-parciales\/2016-4-revista-argentina-de-anatomia-online-b.pdf\u00bb link_option_url_new_window=\u00bbon\u00bb header_2_font_size_tablet=\u00bb14px\u00bb header_2_font_size_phone=\u00bb\u00bb header_2_font_size_last_edited=\u00bbon|desktop\u00bb header_6_font_size_tablet=\u00bb\u00bb header_6_font_size_phone=\u00bb\u00bb header_6_font_size_last_edited=\u00bbon|tablet\u00bb border_radii=\u00bboff||||20px\u00bb locked=\u00bboff\u00bb background_color__hover=\u00bb#f4f4f4&#8243; background_enable_color__hover=\u00bbon\u00bb background_color_gradient_start__hover=\u00bb#efc6cb\u00bb background__hover_enabled=\u00bbon|hover\u00bb]<h2>Consideraciones anat\u00f3micas del ped\u00edculo proximal del vasto lateral aplicado al colgajo muscular del musculo vasto lateral<\/h2>\n<h6>Ulloa M\u00e1rquez, V; Chuang J.; Trupia, N.; Coppari, P.; Cruz, N.; Corti, A.<\/h6>[\/et_pb_text][et_pb_text _builder_version=\u00bb4.3.3&#8243; header_2_font=\u00bb|600|||||||\u00bb header_2_text_color=\u00bb#82181a\u00bb header_2_font_size=\u00bb16px\u00bb header_2_line_height=\u00bb1.2em\u00bb header_6_font=\u00bb||on||||||\u00bb header_6_font_size=\u00bb12px\u00bb header_6_line_height=\u00bb1.5em\u00bb background_color=\u00bb#ffffff\u00bb use_background_color_gradient=\u00bbon\u00bb background_color_gradient_start=\u00bb#f0e3e4&#8243; background_color_gradient_end=\u00bb#ffffff\u00bb background_color_gradient_direction=\u00bb90deg\u00bb custom_margin=\u00bb||9px|||\u00bb custom_padding=\u00bb6px|10px|0px|10px|false|true\u00bb link_option_url=\u00bbhttps:\/\/www.revista-anatomia.com.ar\/archivos-parciales\/2016-4-revista-argentina-de-anatomia-online-c.pdf\u00bb link_option_url_new_window=\u00bbon\u00bb header_2_font_size_tablet=\u00bb14px\u00bb header_2_font_size_phone=\u00bb\u00bb header_2_font_size_last_edited=\u00bbon|desktop\u00bb header_6_font_size_tablet=\u00bb\u00bb header_6_font_size_phone=\u00bb\u00bb header_6_font_size_last_edited=\u00bbon|tablet\u00bb border_radii=\u00bboff||||20px\u00bb locked=\u00bboff\u00bb background_color__hover=\u00bb#f4f4f4&#8243; background_enable_color__hover=\u00bbon\u00bb background_color_gradient_start__hover=\u00bb#efc6cb\u00bb background__hover_enabled=\u00bbon|hover\u00bb]<h2>N\u00facleo ped\u00fanculo pontino: Rol en la marcha y el equilibrio y su potencialidad en cirug\u00eda estereot\u00e1ctica<\/h2>\n<h6>Piedimonte, Fabi\u00e1n C.; Andreani, Juan C.; Acosta, Tania; Piedimonte, Leandro; Bendersky, Mariana; Etcheverry, Jos\u00e9 L.<\/h6>[\/et_pb_text][et_pb_text _builder_version=\u00bb4.3.3&#8243; header_2_font=\u00bb|600|||||||\u00bb header_2_text_color=\u00bb#82181a\u00bb header_2_font_size=\u00bb16px\u00bb header_2_line_height=\u00bb1.2em\u00bb header_6_font=\u00bb||on||||||\u00bb header_6_font_size=\u00bb12px\u00bb header_6_line_height=\u00bb1.5em\u00bb background_color=\u00bb#ffffff\u00bb use_background_color_gradient=\u00bbon\u00bb background_color_gradient_start=\u00bb#f0e3e4&#8243; background_color_gradient_end=\u00bb#ffffff\u00bb background_color_gradient_direction=\u00bb90deg\u00bb custom_margin=\u00bb||9px|||\u00bb custom_padding=\u00bb6px|10px|0px|10px|false|true\u00bb link_option_url=\u00bbhttps:\/\/www.revista-anatomia.com.ar\/archivos-parciales\/2016-4-revista-argentina-de-anatomia-online-d.pdf\u00bb link_option_url_new_window=\u00bbon\u00bb header_2_font_size_tablet=\u00bb14px\u00bb header_2_font_size_phone=\u00bb\u00bb header_2_font_size_last_edited=\u00bbon|desktop\u00bb header_6_font_size_tablet=\u00bb\u00bb header_6_font_size_phone=\u00bb\u00bb header_6_font_size_last_edited=\u00bbon|tablet\u00bb border_radii=\u00bboff||||20px\u00bb locked=\u00bboff\u00bb background_color__hover=\u00bb#f4f4f4&#8243; background_enable_color__hover=\u00bbon\u00bb background_color_gradient_start__hover=\u00bb#efc6cb\u00bb background__hover_enabled=\u00bbon|hover\u00bb]<h2>Estudio anat\u00f3mico: Variaciones del sistema de poleas del pulgar, una nueva clasificaci\u00f3n<\/h2>\n<h6>Ripoll, Guzm\u00e1n; Jaber, Samer; Neirreiter, Alejandra; Corderi, Fabricio; Glumcher, Dami\u00e1n; Estap\u00e9, Gonzalo<\/h6>[\/et_pb_text][et_pb_text _builder_version=\u00bb4.3.3&#8243; header_2_font=\u00bb|600|||||||\u00bb header_2_text_color=\u00bb#82181a\u00bb header_2_font_size=\u00bb16px\u00bb header_2_line_height=\u00bb1.2em\u00bb header_6_font=\u00bb||on||||||\u00bb header_6_font_size=\u00bb12px\u00bb header_6_line_height=\u00bb1.5em\u00bb background_color=\u00bb#ffffff\u00bb use_background_color_gradient=\u00bbon\u00bb background_color_gradient_start=\u00bb#f0e3e4&#8243; background_color_gradient_end=\u00bb#ffffff\u00bb background_color_gradient_direction=\u00bb90deg\u00bb custom_margin=\u00bb||9px|||\u00bb custom_padding=\u00bb6px|10px|0px|10px|false|true\u00bb link_option_url=\u00bbhttps:\/\/www.revista-anatomia.com.ar\/archivos-parciales\/2016-4-revista-argentina-de-anatomia-online-e.pdf\u00bb link_option_url_new_window=\u00bbon\u00bb header_2_font_size_tablet=\u00bb14px\u00bb header_2_font_size_phone=\u00bb\u00bb header_2_font_size_last_edited=\u00bbon|desktop\u00bb header_6_font_size_tablet=\u00bb\u00bb header_6_font_size_phone=\u00bb\u00bb header_6_font_size_last_edited=\u00bbon|tablet\u00bb border_radii=\u00bboff||||20px\u00bb locked=\u00bboff\u00bb background_color__hover=\u00bb#f4f4f4&#8243; background_enable_color__hover=\u00bbon\u00bb background_color_gradient_start__hover=\u00bb#efc6cb\u00bb background__hover_enabled=\u00bbon|hover\u00bb]<h2>Corona mortis y su implicancia en la cirug\u00eda de la pared abdominal<\/h2>\n<h6>Iaccarino, A.B.; L\u00f3pez Min\u00e1, M.I.; Mart\u00ednez Hinojosa, P.A.; Muerza, C.D.; Cor\u00e1, C.H.; Meijomil, M.<\/h6>[\/et_pb_text][et_pb_text _builder_version=\u00bb4.3.3&#8243; header_2_font=\u00bb|600|||||||\u00bb header_2_text_color=\u00bb#82181a\u00bb header_2_font_size=\u00bb16px\u00bb header_2_line_height=\u00bb1.2em\u00bb header_6_font=\u00bb||on||||||\u00bb header_6_font_size=\u00bb12px\u00bb header_6_line_height=\u00bb1.5em\u00bb background_color=\u00bb#ffffff\u00bb use_background_color_gradient=\u00bbon\u00bb background_color_gradient_start=\u00bb#f0e3e4&#8243; background_color_gradient_end=\u00bb#ffffff\u00bb background_color_gradient_direction=\u00bb90deg\u00bb custom_margin=\u00bb||9px|||\u00bb custom_padding=\u00bb6px|10px|0px|10px|false|true\u00bb link_option_url=\u00bbhttps:\/\/www.revista-anatomia.com.ar\/archivos-parciales\/2016-4-revista-argentina-de-anatomia-online-f.pdf\u00bb link_option_url_new_window=\u00bbon\u00bb header_2_font_size_tablet=\u00bb14px\u00bb header_2_font_size_phone=\u00bb\u00bb header_2_font_size_last_edited=\u00bbon|desktop\u00bb header_6_font_size_tablet=\u00bb\u00bb header_6_font_size_phone=\u00bb\u00bb header_6_font_size_last_edited=\u00bbon|tablet\u00bb border_radii=\u00bboff||||20px\u00bb locked=\u00bboff\u00bb background_color__hover=\u00bb#f4f4f4&#8243; background_enable_color__hover=\u00bbon\u00bb background_color_gradient_start__hover=\u00bb#efc6cb\u00bb background__hover_enabled=\u00bbon|hover\u00bb]<h2>Variaciones anat\u00f3micas de la vena retromandibular<\/h2>\n<h6>Cotta, Estefan\u00eda; Castro Lemme, Sof\u00eda B.; P\u00e9rez Pe\u00f1a, Yanina A.; Ferrazzano, Florencia D.; Seip, Tom\u00e1s; Fern\u00e1ndez Vargas, Martina<\/h6>[\/et_pb_text][\/et_pb_column_inner][\/et_pb_row_inner][\/et_pb_column][et_pb_column type=\u00bb1_4&#8243; _builder_version=\u00bb3.25&#8243; custom_padding=\u00bb|||\u00bb custom_padding__hover=\u00bb|||\u00bb][et_pb_sidebar orientation=\u00bbright\u00bb show_border=\u00bboff\u00bb _builder_version=\u00bb4.3.4&#8243; header_font=\u00bb|600|||||||\u00bb header_text_align=\u00bbcenter\u00bb header_text_color=\u00bb#013fa3&#8243; header_line_height=\u00bb1.6em\u00bb body_font=\u00bb|600|||||||\u00bb body_text_align=\u00bbcenter\u00bb body_text_color=\u00bb#6c6d6b\u00bb body_font_size=\u00bb23px\u00bb body_line_height=\u00bb1.5em\u00bb background_enable_color=\u00bboff\u00bb text_orientation=\u00bbcenter\u00bb width=\u00bb100%\u00bb width_tablet=\u00bb100%\u00bb width_phone=\u00bb\u00bb width_last_edited=\u00bbon|phone\u00bb max_width=\u00bb100%\u00bb module_alignment=\u00bbcenter\u00bb custom_margin=\u00bb|||6px||\u00bb header_font_size_tablet=\u00bb\u00bb header_font_size_phone=\u00bb16px\u00bb header_font_size_last_edited=\u00bbon|desktop\u00bb body_font_size_tablet=\u00bb\u00bb body_font_size_phone=\u00bb\u00bb body_font_size_last_edited=\u00bbon|phone\u00bb border_width_top=\u00bb0px\u00bb border_color_top=\u00bb#82181a\u00bb border_radii_tablet=\u00bb\u00bb border_radii_phone=\u00bb\u00bb border_radii_last_edited=\u00bbon|tablet\u00bb global_module=\u00bb648&#8243;][\/et_pb_sidebar][\/et_pb_column][\/et_pb_section]\n","protected":false},"excerpt":{"rendered":"<p>Vol. VII &#8211; 2016Clickear sobre las imagenes para descargar la revista completa en PDF Clickear sobre los t\u00edtulos para descargar los art\u00edculos individuales en PDFN\u00ba 1Bases anat\u00f3micas del control vascular del ped\u00edculo renal Ferrante, Mar\u00eda S.; Algieri, Rub\u00e9n D.; Fern\u00e1ndez, Juan P.; Flores, Cristian A.; Vassia, Gustavo M.Morfometr\u00eda de cortes histol\u00f3gicos de los t\u00fabulos renales [&hellip;]<\/p>\n","protected":false},"author":2,"featured_media":772,"parent":0,"menu_order":0,"comment_status":"closed","ping_status":"closed","template":"","meta":{"_et_pb_use_builder":"on","_et_pb_old_content":"<!-- wp:divi\/placeholder \/-->","_et_gb_content_width":"","footnotes":""},"class_list":["post-612","page","type-page","status-publish","has-post-thumbnail","hentry"],"a3_pvc":{"activated":false,"total_views":27,"today_views":0},"_links":{"self":[{"href":"https:\/\/www.revista-anatomia.com.ar\/en\/wp-json\/wp\/v2\/pages\/612","targetHints":{"allow":["GET"]}}],"collection":[{"href":"https:\/\/www.revista-anatomia.com.ar\/en\/wp-json\/wp\/v2\/pages"}],"about":[{"href":"https:\/\/www.revista-anatomia.com.ar\/en\/wp-json\/wp\/v2\/types\/page"}],"author":[{"embeddable":true,"href":"https:\/\/www.revista-anatomia.com.ar\/en\/wp-json\/wp\/v2\/users\/2"}],"replies":[{"embeddable":true,"href":"https:\/\/www.revista-anatomia.com.ar\/en\/wp-json\/wp\/v2\/comments?post=612"}],"version-history":[{"count":0,"href":"https:\/\/www.revista-anatomia.com.ar\/en\/wp-json\/wp\/v2\/pages\/612\/revisions"}],"wp:featuredmedia":[{"embeddable":true,"href":"https:\/\/www.revista-anatomia.com.ar\/en\/wp-json\/wp\/v2\/media\/772"}],"wp:attachment":[{"href":"https:\/\/www.revista-anatomia.com.ar\/en\/wp-json\/wp\/v2\/media?parent=612"}],"curies":[{"name":"wp","href":"https:\/\/api.w.org\/{rel}","templated":true}]}}